{"id":94230,"date":"2026-03-10T04:09:58","date_gmt":"2026-03-10T04:09:58","guid":{"rendered":"https:\/\/sunnysteve.com\/property\/investissement-sur-la-cote-ouest-centre-agree-pour-le-surf-et-le-style-de-vie\/"},"modified":"2026-04-17T14:42:04","modified_gmt":"2026-04-17T13:42:04","slug":"investissement-sur-la-cote-ouest-centre-agree-pour-le-surf-et-le-style-de-vie","status":"publish","type":"property","link":"https:\/\/sunnysteve.com\/fr\/property\/investissement-sur-la-cote-ouest-centre-agree-pour-le-surf-et-le-style-de-vie\/","title":{"rendered":"Projet agr\u00e9\u00e9 Surf-Hospitalit\u00e9 + R\u00e9sidence priv\u00e9e \u00e0 3 km de Praia do Amado"},"content":{"rendered":"<p>Rare opportunit\u00e9 d&#8217;investissement sur la c\u00f4te vicentine. Il s&#8217;agit d&#8217;un projet commercial et r\u00e9sidentiel de 434 m\u00b2 (1 000 m\u00b2 de terrain de premier choix) enti\u00e8rement approuv\u00e9, con\u00e7u pour le march\u00e9 moderne du tourisme de surf, un centre de surf multifonctionnel, un restaurant et une maison d&#8217;h\u00f4tes.   <\/p>\n<p>\u00c0 quelques minutes de Praia da Bordeira et \u00e0 seulement 3 km de Praia do Amado, une plage de renomm\u00e9e mondiale qui accueille des championnats internationaux de surf. Situ\u00e9e dans le parc naturel de la c\u00f4te vicentine, la r\u00e9gion est un sanctuaire de falaises, de dunes et d&#8217;une biodiversit\u00e9 unique. Une r\u00e9gion \u00e0 forte croissance qui attire une population internationale ais\u00e9e \u00e0 la recherche d&#8217;exp\u00e9riences de voyage authentiques, durables et actives.    <\/p>\n<p>Contrairement aux parcelles commerciales standard, ce projet comprend un studio priv\u00e9 d\u00e9di\u00e9 \u00e0 l&#8217;habitation. Il s&#8217;agit donc d&#8217;une installation parfaite pour &#8220;vivre et travailler&#8221;. En outre, 4 chambres \u00e0 louer, un restaurant de 37 couverts \u00e0 l&#8217;int\u00e9rieur et une terrasse ext\u00e9rieure de 64 places, un magasin de surf professionnel, un entrep\u00f4t de planches de surf, une laverie automatique sur place, plusieurs zones de d\u00e9tente, un bar sur le toit avec vue sur la mer font de cet espace un centre communautaire local o\u00f9 les familles se r\u00e9unissent pour manger, boire, jouer et profiter des couchers de soleil.    <\/p>\n<p>Le projet a \u00e9t\u00e9 con\u00e7u par un architecte local r\u00e9put\u00e9 pour son expertise en mati\u00e8re de tourisme rural durable et d&#8217;architecture r\u00e9sidentielle. Son travail se caract\u00e9rise par l&#8217;utilisation de mat\u00e9riaux traditionnels pour cr\u00e9er des espaces contemporains et respectueux de l&#8217;environnement qui pr\u00e9servent \u00e0 la fois l&#8217;identit\u00e9 locale et l&#8217;\u00e9cosyst\u00e8me environnant. <\/p>\n<p>Oubliez les deux ans d&#8217;attente pour l&#8217;obtention d&#8217;un permis. Ce projet a \u00e9t\u00e9 approuv\u00e9 par la C\u00e2mara et est pr\u00eat \u00e0 \u00eatre construit.   <\/p>\n<p>Sp\u00e9cifications du projet et caract\u00e9ristiques du b\u00e2timent :<br \/>\nSurface totale de construction : 258,42 m\u00b2<br \/>\nVolume du b\u00e2timent : 750,00 m\u00b3<br \/>\nSurface au sol : 434,21 m\u00b2<br \/>\nNombre d&#8217;\u00e9tages : 1 (au-dessus du niveau du sol)<br \/>\nUsage pr\u00e9vu : Restaurant, commerce et habitation<br \/>\nHauteur (C\u00e9rcea) : 3.40 m<\/p>\n<p>Contactez-nous d\u00e8s aujourd&#8217;hui pour une pr\u00e9sentation compl\u00e8te du projet ou pour planifier une visite priv\u00e9e du site.<\/p>\n","protected":false},"excerpt":{"rendered":"<p>Rare opportunit\u00e9 d&#8217;investissement sur la c\u00f4te vicentine. Il s&#8217;agit d&#8217;un projet commercial et r\u00e9sidentiel de 434 m\u00b2 (1 000 m\u00b2 de terrain de premier choix) enti\u00e8rement approuv\u00e9, con\u00e7u pour le march\u00e9 moderne du tourisme de surf, un centre de surf multifonctionnel, un restaurant et une maison d&#8217;h\u00f4tes.   <\/p>\n<p>\u00c0 quelques minutes de Praia da Bordeira et \u00e0 seulement 3 km de Praia do Amado, une plage de renomm\u00e9e mondiale qui accueille des championnats internationaux de surf. Situ\u00e9e dans le parc naturel de la c\u00f4te vicentine, la r\u00e9gion est un sanctuaire de falaises, de dunes et d&#8217;une biodiversit\u00e9 unique. Une r\u00e9gion \u00e0 forte croissance qui attire une population internationale ais\u00e9e \u00e0 la recherche d&#8217;exp\u00e9riences de voyage authentiques, durables et actives.    <\/p>\n<p>Contrairement aux parcelles commerciales standard, ce projet comprend un studio priv\u00e9 d\u00e9di\u00e9 \u00e0 l&#8217;habitation. Il s&#8217;agit donc d&#8217;une installation parfaite pour &#8220;vivre et travailler&#8221;. En outre, 4 chambres \u00e0 louer, un restaurant de 37 couverts \u00e0 l&#8217;int\u00e9rieur et une terrasse ext\u00e9rieure de 64 places, un magasin de surf professionnel, un entrep\u00f4t de planches de surf, une laverie automatique sur place, plusieurs zones de d\u00e9tente, un bar sur le toit avec vue sur la mer font de cet espace un centre communautaire local o\u00f9 les familles se r\u00e9unissent pour manger, boire, jouer et profiter des couchers de soleil.    <\/p>\n<p>Le projet a \u00e9t\u00e9 con\u00e7u par un architecte local r\u00e9put\u00e9 pour son expertise en mati\u00e8re de tourisme rural durable et d&#8217;architecture r\u00e9sidentielle. Son travail se caract\u00e9rise par l&#8217;utilisation de mat\u00e9riaux traditionnels pour cr\u00e9er des espaces contemporains et respectueux de l&#8217;environnement qui pr\u00e9servent \u00e0 la fois l&#8217;identit\u00e9 locale et l&#8217;\u00e9cosyst\u00e8me environnant. <\/p>\n<p>Oubliez les deux ans d&#8217;attente pour l&#8217;obtention d&#8217;un permis. Ce projet a \u00e9t\u00e9 approuv\u00e9 par la C\u00e2mara et est pr\u00eat \u00e0 \u00eatre construit.   <\/p>\n<p>Sp\u00e9cifications du projet et caract\u00e9ristiques du b\u00e2timent :<br \/>\nSurface totale de construction : 258,42 m\u00b2<br \/>\nVolume du b\u00e2timent : 750,00 m\u00b3<br \/>\nSurface au sol : 434,21 m\u00b2<br \/>\nNombre d&#8217;\u00e9tages : 1 (au-dessus du niveau du sol)<br \/>\nUsage pr\u00e9vu : Restaurant, commerce et habitation<br \/>\nHauteur (C\u00e9rcea) : 3.40 m<\/p>\n<p>Contactez-nous d\u00e8s aujourd&#8217;hui pour une pr\u00e9sentation compl\u00e8te du projet ou pour planifier une visite priv\u00e9e du site.<\/p>\n","protected":false},"author":0,"featured_media":94234,"parent":0,"menu_order":0,"template":"","property_type":[758],"property_status":[650],"property_feature":[1815,1832,1816],"property_label":[],"property_state":[1892],"property_city":[1848],"property_area":[1847],"class_list":["post-94230","property","type-property","status-publish","has-post-thumbnail","hentry","property_type-terrain-a-batir","property_status-a-vendre","property_feature-campagne","property_feature-mer","property_feature-montagnes","property_state-western-algarve","property_city-carrapateira","property_area-bordeira"],"aioseo_notices":[],"property_meta":{"has_images":["1"],"fave_featured":["0"],"houzez_featured_listing_date":[""],"fave_property_images":["94056","94057","94058","94060","94061","94062","94063","95093","95094","95095"],"fave_agent_display_option":["author_info"],"fave_single_top_area":["global"],"_top_nav_excluded":[""],"_cms_nav_minihome":[""],"houzez_geolocation_lat":["37.18719"],"houzez_geolocation_long":["-8.89975"],"_thumbnail_id":["94234"],"_last_translation_edit_mode":["translation-editor"],"_wpml_word_count":["782"],"houzez_total_property_views":["74"],"houzez_views_by_date":["a:31:{s:10:\"03-18-2026\";i:4;s:10:\"03-19-2026\";i:6;s:10:\"03-21-2026\";i:1;s:10:\"03-22-2026\";i:1;s:10:\"03-24-2026\";i:4;s:10:\"03-25-2026\";i:3;s:10:\"03-26-2026\";i:3;s:10:\"03-28-2026\";i:4;s:10:\"03-29-2026\";i:2;s:10:\"03-31-2026\";i:1;s:10:\"04-04-2026\";i:2;s:10:\"04-05-2026\";i:1;s:10:\"04-06-2026\";i:2;s:10:\"04-07-2026\";i:2;s:10:\"04-10-2026\";i:3;s:10:\"04-11-2026\";i:3;s:10:\"04-12-2026\";i:5;s:10:\"04-13-2026\";i:1;s:10:\"04-15-2026\";i:1;s:10:\"04-16-2026\";i:1;s:10:\"04-17-2026\";i:4;s:10:\"04-18-2026\";i:2;s:10:\"04-19-2026\";i:2;s:10:\"04-20-2026\";i:4;s:10:\"04-21-2026\";i:1;s:10:\"04-23-2026\";i:1;s:10:\"04-24-2026\";i:3;s:10:\"04-25-2026\";i:1;s:10:\"04-26-2026\";i:2;s:10:\"04-28-2026\";i:1;s:10:\"04-29-2026\";i:3;}"],"houzez_recently_viewed":["2026-04-29 20:57:51"],"fave_property_price":["380000"],"fave_property_size":["1000"],"fave_property_size_prefix":["m\u00b2"],"fave_property_id":["86793773"],"fave_property_map":["1"],"fave_property_map_address":["Carrapateira, Bordeira, 8670-230"],"fave_property_location":["37.18719,-8.89975,14"],"fave_property_zip":["8670-230"],"fave_prop_homeslider":["non"],"fave_energy_class":["2"],"_eb_reusable_block_ids":["a:0:{}"],"_eael_post_view_count":["17"],"_elementor_page_assets":["a:0:{}"]},"aioseo_head":"\n\t\t<!-- All in One SEO Pro 4.9.6.2 - aioseo.com -->\n\t<meta name=\"description\" content=\"Rare opportunit\u00e9 d&#039;investissement sur la c\u00f4te vicentine. Il s&#039;agit d&#039;un projet commercial et r\u00e9sidentiel de 434 m\u00b2 (1 000 m\u00b2 de terrain de premier choix) enti\u00e8rement approuv\u00e9, con\u00e7u pour le march\u00e9 moderne du tourisme de surf, un centre de surf multifonctionnel, un restaurant et une maison d&#039;h\u00f4tes. \u00c0 quelques minutes de Praia da Bordeira et \u00e0 seulement 3 km de Praia do Amado, une plage de renomm\u00e9e mondiale qui accueille des championnats internationaux de surf. Situ\u00e9e dans le parc naturel de la c\u00f4te vicentine, la r\u00e9gion est un sanctuaire de falaises, de dunes et d&#039;une biodiversit\u00e9 unique. Une r\u00e9gion \u00e0 forte croissance qui attire une population internationale ais\u00e9e \u00e0 la recherche d&#039;exp\u00e9riences de voyage authentiques, durables et actives. Contrairement aux parcelles commerciales standard, ce projet comprend un studio priv\u00e9 d\u00e9di\u00e9 \u00e0 l&#039;habitation. Il s&#039;agit donc d&#039;une installation parfaite pour &quot;vivre et travailler&quot;. En outre, 4 chambres \u00e0 louer, un restaurant de 37 couverts \u00e0 l&#039;int\u00e9rieur et une terrasse ext\u00e9rieure de 64 places, un magasin de surf professionnel, un entrep\u00f4t de planches de surf, une laverie automatique sur place, plusieurs zones de d\u00e9tente, un bar sur le toit avec vue sur la mer font de cet espace un centre communautaire local o\u00f9 les familles se r\u00e9unissent pour manger, boire, jouer et profiter des couchers de soleil. Le projet a \u00e9t\u00e9 con\u00e7u par un architecte local r\u00e9put\u00e9 pour son expertise en mati\u00e8re de tourisme rural durable et d&#039;architecture r\u00e9sidentielle. Son travail se caract\u00e9rise par l&#039;utilisation de mat\u00e9riaux traditionnels pour cr\u00e9er des espaces contemporains et respectueux de l&#039;environnement qui pr\u00e9servent \u00e0 la fois l&#039;identit\u00e9 locale et l&#039;\u00e9cosyst\u00e8me environnant. Oubliez les deux ans d&#039;attente pour l&#039;obtention d&#039;un permis. Ce projet a \u00e9t\u00e9 approuv\u00e9 par la C\u00e2mara et est pr\u00eat \u00e0 \u00eatre construit. Sp\u00e9cifications du projet et caract\u00e9ristiques du b\u00e2timent : Surface totale de construction : 258,42 m\u00b2 Volume du b\u00e2timent : 750,00 m\u00b3 Surface au sol : 434,21 m\u00b2 Nombre d&#039;\u00e9tages : 1 (au-dessus du niveau du sol) Usage pr\u00e9vu : Restaurant, commerce et habitation Hauteur (C\u00e9rcea) : 3.40 m Contactez-nous d\u00e8s aujourd&#039;hui pour une pr\u00e9sentation compl\u00e8te du projet ou pour planifier une visite priv\u00e9e du site.\" \/>\n\t<meta name=\"robots\" content=\"max-image-preview:large\" \/>\n\t<meta name=\"google-site-verification\" content=\"6Spa-o41CcNSMq81uVrBXskB-BVQKssFNgXlgComdWc\" \/>\n\t<link rel=\"canonical\" href=\"https:\/\/sunnysteve.com\/fr\/property\/investissement-sur-la-cote-ouest-centre-agree-pour-le-surf-et-le-style-de-vie\/\" \/>\n\t<meta name=\"generator\" content=\"All in One SEO Pro (AIOSEO) 4.9.6.2\" \/>\n\t\t<meta property=\"og:locale\" content=\"fr_FR\" \/>\n\t\t<meta property=\"og:site_name\" content=\"SunnySteve | Lagos &amp; Algarve Real Estate \u00bb We help International buyers find home in the Algarve\" \/>\n\t\t<meta property=\"og:type\" content=\"article\" \/>\n\t\t<meta property=\"og:title\" content=\"Projet agr\u00e9\u00e9 Surf-Hospitalit\u00e9 + R\u00e9sidence priv\u00e9e \u00e0 3 km de Praia do Amado\" \/>\n\t\t<meta property=\"og:description\" content=\"Rare opportunit\u00e9 d&#039;investissement sur la c\u00f4te vicentine. Il s&#039;agit d&#039;un projet commercial et r\u00e9sidentiel de 434 m\u00b2 (1 000 m\u00b2 de terrain de premier choix) enti\u00e8rement approuv\u00e9, con\u00e7u pour le march\u00e9 moderne du tourisme de surf, un centre de surf multifonctionnel, un restaurant et une maison d&#039;h\u00f4tes. \u00c0 quelques minutes de Praia da Bordeira et \u00e0 seulement 3 km de Praia do Amado, une plage de renomm\u00e9e mondiale qui accueille des championnats internationaux de surf. Situ\u00e9e dans le parc naturel de la c\u00f4te vicentine, la r\u00e9gion est un sanctuaire de falaises, de dunes et d&#039;une biodiversit\u00e9 unique. Une r\u00e9gion \u00e0 forte croissance qui attire une population internationale ais\u00e9e \u00e0 la recherche d&#039;exp\u00e9riences de voyage authentiques, durables et actives. Contrairement aux parcelles commerciales standard, ce projet comprend un studio priv\u00e9 d\u00e9di\u00e9 \u00e0 l&#039;habitation. Il s&#039;agit donc d&#039;une installation parfaite pour &quot;vivre et travailler&quot;. En outre, 4 chambres \u00e0 louer, un restaurant de 37 couverts \u00e0 l&#039;int\u00e9rieur et une terrasse ext\u00e9rieure de 64 places, un magasin de surf professionnel, un entrep\u00f4t de planches de surf, une laverie automatique sur place, plusieurs zones de d\u00e9tente, un bar sur le toit avec vue sur la mer font de cet espace un centre communautaire local o\u00f9 les familles se r\u00e9unissent pour manger, boire, jouer et profiter des couchers de soleil. Le projet a \u00e9t\u00e9 con\u00e7u par un architecte local r\u00e9put\u00e9 pour son expertise en mati\u00e8re de tourisme rural durable et d&#039;architecture r\u00e9sidentielle. Son travail se caract\u00e9rise par l&#039;utilisation de mat\u00e9riaux traditionnels pour cr\u00e9er des espaces contemporains et respectueux de l&#039;environnement qui pr\u00e9servent \u00e0 la fois l&#039;identit\u00e9 locale et l&#039;\u00e9cosyst\u00e8me environnant. Oubliez les deux ans d&#039;attente pour l&#039;obtention d&#039;un permis. Ce projet a \u00e9t\u00e9 approuv\u00e9 par la C\u00e2mara et est pr\u00eat \u00e0 \u00eatre construit. Sp\u00e9cifications du projet et caract\u00e9ristiques du b\u00e2timent : Surface totale de construction : 258,42 m\u00b2 Volume du b\u00e2timent : 750,00 m\u00b3 Surface au sol : 434,21 m\u00b2 Nombre d&#039;\u00e9tages : 1 (au-dessus du niveau du sol) Usage pr\u00e9vu : Restaurant, commerce et habitation Hauteur (C\u00e9rcea) : 3.40 m Contactez-nous d\u00e8s aujourd&#039;hui pour une pr\u00e9sentation compl\u00e8te du projet ou pour planifier une visite priv\u00e9e du site.\" \/>\n\t\t<meta property=\"og:url\" content=\"https:\/\/sunnysteve.com\/fr\/property\/investissement-sur-la-cote-ouest-centre-agree-pour-le-surf-et-le-style-de-vie\/\" \/>\n\t\t<meta property=\"og:image\" content=\"https:\/\/sunnysteve.com\/wp-content\/uploads\/2026\/03\/336a8c3581c3e35a17c40410bda37df2_5dba9c4337_1920-original.jpg\" \/>\n\t\t<meta property=\"og:image:secure_url\" content=\"https:\/\/sunnysteve.com\/wp-content\/uploads\/2026\/03\/336a8c3581c3e35a17c40410bda37df2_5dba9c4337_1920-original.jpg\" \/>\n\t\t<meta property=\"og:image:width\" content=\"1920\" \/>\n\t\t<meta property=\"og:image:height\" content=\"1449\" \/>\n\t\t<meta property=\"article:published_time\" content=\"2026-03-10T04:09:58+00:00\" \/>\n\t\t<meta property=\"article:modified_time\" content=\"2026-04-17T13:42:04+00:00\" \/>\n\t\t<meta property=\"article:publisher\" content=\"https:\/\/www.facebook.com\/sunnysteverealestate\" \/>\n\t\t<meta name=\"twitter:card\" content=\"summary_large_image\" \/>\n\t\t<meta name=\"twitter:site\" content=\"@sunnysteve_real\" \/>\n\t\t<meta name=\"twitter:title\" content=\"Projet agr\u00e9\u00e9 Surf-Hospitalit\u00e9 + R\u00e9sidence priv\u00e9e \u00e0 3 km de Praia do Amado\" \/>\n\t\t<meta name=\"twitter:description\" content=\"Rare opportunit\u00e9 d&#039;investissement sur la c\u00f4te vicentine. Il s&#039;agit d&#039;un projet commercial et r\u00e9sidentiel de 434 m\u00b2 (1 000 m\u00b2 de terrain de premier choix) enti\u00e8rement approuv\u00e9, con\u00e7u pour le march\u00e9 moderne du tourisme de surf, un centre de surf multifonctionnel, un restaurant et une maison d&#039;h\u00f4tes. \u00c0 quelques minutes de Praia da Bordeira et \u00e0 seulement 3 km de Praia do Amado, une plage de renomm\u00e9e mondiale qui accueille des championnats internationaux de surf. Situ\u00e9e dans le parc naturel de la c\u00f4te vicentine, la r\u00e9gion est un sanctuaire de falaises, de dunes et d&#039;une biodiversit\u00e9 unique. Une r\u00e9gion \u00e0 forte croissance qui attire une population internationale ais\u00e9e \u00e0 la recherche d&#039;exp\u00e9riences de voyage authentiques, durables et actives. Contrairement aux parcelles commerciales standard, ce projet comprend un studio priv\u00e9 d\u00e9di\u00e9 \u00e0 l&#039;habitation. Il s&#039;agit donc d&#039;une installation parfaite pour &quot;vivre et travailler&quot;. En outre, 4 chambres \u00e0 louer, un restaurant de 37 couverts \u00e0 l&#039;int\u00e9rieur et une terrasse ext\u00e9rieure de 64 places, un magasin de surf professionnel, un entrep\u00f4t de planches de surf, une laverie automatique sur place, plusieurs zones de d\u00e9tente, un bar sur le toit avec vue sur la mer font de cet espace un centre communautaire local o\u00f9 les familles se r\u00e9unissent pour manger, boire, jouer et profiter des couchers de soleil. Le projet a \u00e9t\u00e9 con\u00e7u par un architecte local r\u00e9put\u00e9 pour son expertise en mati\u00e8re de tourisme rural durable et d&#039;architecture r\u00e9sidentielle. Son travail se caract\u00e9rise par l&#039;utilisation de mat\u00e9riaux traditionnels pour cr\u00e9er des espaces contemporains et respectueux de l&#039;environnement qui pr\u00e9servent \u00e0 la fois l&#039;identit\u00e9 locale et l&#039;\u00e9cosyst\u00e8me environnant. Oubliez les deux ans d&#039;attente pour l&#039;obtention d&#039;un permis. Ce projet a \u00e9t\u00e9 approuv\u00e9 par la C\u00e2mara et est pr\u00eat \u00e0 \u00eatre construit. Sp\u00e9cifications du projet et caract\u00e9ristiques du b\u00e2timent : Surface totale de construction : 258,42 m\u00b2 Volume du b\u00e2timent : 750,00 m\u00b3 Surface au sol : 434,21 m\u00b2 Nombre d&#039;\u00e9tages : 1 (au-dessus du niveau du sol) Usage pr\u00e9vu : Restaurant, commerce et habitation Hauteur (C\u00e9rcea) : 3.40 m Contactez-nous d\u00e8s aujourd&#039;hui pour une pr\u00e9sentation compl\u00e8te du projet ou pour planifier une visite priv\u00e9e du site.\" \/>\n\t\t<meta name=\"twitter:creator\" content=\"@sunnysteve_real\" \/>\n\t\t<meta name=\"twitter:image\" content=\"https:\/\/sunnysteve.com\/wp-content\/uploads\/2026\/03\/336a8c3581c3e35a17c40410bda37df2_5dba9c4337_1920-original.jpg\" \/>\n\t\t<script type=\"application\/ld+json\" class=\"aioseo-schema\">\n\t\t\t{\"@context\":\"https:\\\/\\\/schema.org\",\"@graph\":[{\"@type\":\"BreadcrumbList\",\"@id\":\"https:\\\/\\\/sunnysteve.com\\\/fr\\\/property\\\/investissement-sur-la-cote-ouest-centre-agree-pour-le-surf-et-le-style-de-vie\\\/#breadcrumblist\",\"itemListElement\":[{\"@type\":\"ListItem\",\"@id\":\"https:\\\/\\\/sunnysteve.com\\\/fr\\\/#listItem\",\"position\":1,\"name\":\"Home\",\"item\":\"https:\\\/\\\/sunnysteve.com\\\/fr\\\/\",\"nextItem\":{\"@type\":\"ListItem\",\"@id\":\"https:\\\/\\\/sunnysteve.com\\\/fr\\\/property\\\/#listItem\",\"name\":\"Propri\\u00e9t\\u00e9s\"}},{\"@type\":\"ListItem\",\"@id\":\"https:\\\/\\\/sunnysteve.com\\\/fr\\\/property\\\/#listItem\",\"position\":2,\"name\":\"Propri\\u00e9t\\u00e9s\",\"item\":\"https:\\\/\\\/sunnysteve.com\\\/fr\\\/property\\\/\",\"nextItem\":{\"@type\":\"ListItem\",\"@id\":\"https:\\\/\\\/sunnysteve.com\\\/fr\\\/property-type\\\/terrain-a-batir\\\/#listItem\",\"name\":\"Terrain \\u00e0 b\\u00e2tir\"},\"previousItem\":{\"@type\":\"ListItem\",\"@id\":\"https:\\\/\\\/sunnysteve.com\\\/fr\\\/#listItem\",\"name\":\"Home\"}},{\"@type\":\"ListItem\",\"@id\":\"https:\\\/\\\/sunnysteve.com\\\/fr\\\/property-type\\\/terrain-a-batir\\\/#listItem\",\"position\":3,\"name\":\"Terrain \\u00e0 b\\u00e2tir\",\"item\":\"https:\\\/\\\/sunnysteve.com\\\/fr\\\/property-type\\\/terrain-a-batir\\\/\",\"nextItem\":{\"@type\":\"ListItem\",\"@id\":\"https:\\\/\\\/sunnysteve.com\\\/fr\\\/property\\\/investissement-sur-la-cote-ouest-centre-agree-pour-le-surf-et-le-style-de-vie\\\/#listItem\",\"name\":\"Projet agr\\u00e9\\u00e9 Surf-Hospitalit\\u00e9 + R\\u00e9sidence priv\\u00e9e \\u00e0 3 km de Praia do Amado\"},\"previousItem\":{\"@type\":\"ListItem\",\"@id\":\"https:\\\/\\\/sunnysteve.com\\\/fr\\\/property\\\/#listItem\",\"name\":\"Propri\\u00e9t\\u00e9s\"}},{\"@type\":\"ListItem\",\"@id\":\"https:\\\/\\\/sunnysteve.com\\\/fr\\\/property\\\/investissement-sur-la-cote-ouest-centre-agree-pour-le-surf-et-le-style-de-vie\\\/#listItem\",\"position\":4,\"name\":\"Projet agr\\u00e9\\u00e9 Surf-Hospitalit\\u00e9 + R\\u00e9sidence priv\\u00e9e \\u00e0 3 km de Praia do Amado\",\"previousItem\":{\"@type\":\"ListItem\",\"@id\":\"https:\\\/\\\/sunnysteve.com\\\/fr\\\/property-type\\\/terrain-a-batir\\\/#listItem\",\"name\":\"Terrain \\u00e0 b\\u00e2tir\"}}]},{\"@type\":\"Organization\",\"@id\":\"https:\\\/\\\/sunnysteve.com\\\/fr\\\/#organization\",\"name\":\"SunnySteve | Lagos &amp; Algarve Real Estate\",\"description\":\"Twenty years of real estate mastery, now focused on Portugal's Western Algarve. SunnySteve guides expats and international clients through buying and selling in Lagos and along the surrounding coast, in English, French, Dutch and Portuguese. Brokered by eXp Realty.\",\"url\":\"https:\\\/\\\/sunnysteve.com\\\/fr\\\/\",\"email\":\"info@sunnysteve.com\",\"telephone\":\"+351934916657\",\"logo\":{\"@type\":\"ImageObject\",\"url\":\"https:\\\/\\\/sunnysteve.com\\\/wp-content\\\/uploads\\\/2025\\\/05\\\/Sunny-Steve-Logo-2025-Blue.png\",\"@id\":\"https:\\\/\\\/sunnysteve.com\\\/fr\\\/property\\\/investissement-sur-la-cote-ouest-centre-agree-pour-le-surf-et-le-style-de-vie\\\/#organizationLogo\"},\"image\":{\"@id\":\"https:\\\/\\\/sunnysteve.com\\\/fr\\\/property\\\/investissement-sur-la-cote-ouest-centre-agree-pour-le-surf-et-le-style-de-vie\\\/#organizationLogo\"},\"sameAs\":[\"https:\\\/\\\/www.facebook.com\\\/sunnysteverealestate\",\"https:\\\/\\\/x.com\\\/sunnysteve_real\",\"https:\\\/\\\/www.instagram.com\\\/sunnysteve_realestate\",\"https:\\\/\\\/www.tiktok.com\\\/@sunnysteve_realestate\",\"https:\\\/\\\/www.youtube.com\\\/@sunnysteve_realestate\",\"https:\\\/\\\/www.linkedin.com\\\/in\\\/stevemarque\\\/\"],\"address\":{\"@id\":\"https:\\\/\\\/sunnysteve.com\\\/fr\\\/#postaladdress\",\"@type\":\"PostalAddress\",\"streetAddress\":\"Rua Mario de Sa Carneiro 2,\",\"postalCode\":\"8600-288\",\"addressLocality\":\"Lagos\",\"addressRegion\":\"Faro\",\"addressCountry\":\"PT\"},\"vatID\":\"518631885\"},{\"@type\":\"WebPage\",\"@id\":\"https:\\\/\\\/sunnysteve.com\\\/fr\\\/property\\\/investissement-sur-la-cote-ouest-centre-agree-pour-le-surf-et-le-style-de-vie\\\/#webpage\",\"url\":\"https:\\\/\\\/sunnysteve.com\\\/fr\\\/property\\\/investissement-sur-la-cote-ouest-centre-agree-pour-le-surf-et-le-style-de-vie\\\/\",\"name\":\"Projet agr\\u00e9\\u00e9 Surf-Hospitalit\\u00e9 + R\\u00e9sidence priv\\u00e9e \\u00e0 3 km de Praia do Amado\",\"description\":\"Rare opportunit\\u00e9 d'investissement sur la c\\u00f4te vicentine. Il s'agit d'un projet commercial et r\\u00e9sidentiel de 434 m\\u00b2 (1 000 m\\u00b2 de terrain de premier choix) enti\\u00e8rement approuv\\u00e9, con\\u00e7u pour le march\\u00e9 moderne du tourisme de surf, un centre de surf multifonctionnel, un restaurant et une maison d'h\\u00f4tes. \\u00c0 quelques minutes de Praia da Bordeira et \\u00e0 seulement 3 km de Praia do Amado, une plage de renomm\\u00e9e mondiale qui accueille des championnats internationaux de surf. Situ\\u00e9e dans le parc naturel de la c\\u00f4te vicentine, la r\\u00e9gion est un sanctuaire de falaises, de dunes et d'une biodiversit\\u00e9 unique. Une r\\u00e9gion \\u00e0 forte croissance qui attire une population internationale ais\\u00e9e \\u00e0 la recherche d'exp\\u00e9riences de voyage authentiques, durables et actives. Contrairement aux parcelles commerciales standard, ce projet comprend un studio priv\\u00e9 d\\u00e9di\\u00e9 \\u00e0 l'habitation. Il s'agit donc d'une installation parfaite pour \\\"vivre et travailler\\\". En outre, 4 chambres \\u00e0 louer, un restaurant de 37 couverts \\u00e0 l'int\\u00e9rieur et une terrasse ext\\u00e9rieure de 64 places, un magasin de surf professionnel, un entrep\\u00f4t de planches de surf, une laverie automatique sur place, plusieurs zones de d\\u00e9tente, un bar sur le toit avec vue sur la mer font de cet espace un centre communautaire local o\\u00f9 les familles se r\\u00e9unissent pour manger, boire, jouer et profiter des couchers de soleil. Le projet a \\u00e9t\\u00e9 con\\u00e7u par un architecte local r\\u00e9put\\u00e9 pour son expertise en mati\\u00e8re de tourisme rural durable et d'architecture r\\u00e9sidentielle. Son travail se caract\\u00e9rise par l'utilisation de mat\\u00e9riaux traditionnels pour cr\\u00e9er des espaces contemporains et respectueux de l'environnement qui pr\\u00e9servent \\u00e0 la fois l'identit\\u00e9 locale et l'\\u00e9cosyst\\u00e8me environnant. Oubliez les deux ans d'attente pour l'obtention d'un permis. Ce projet a \\u00e9t\\u00e9 approuv\\u00e9 par la C\\u00e2mara et est pr\\u00eat \\u00e0 \\u00eatre construit. Sp\\u00e9cifications du projet et caract\\u00e9ristiques du b\\u00e2timent : Surface totale de construction : 258,42 m\\u00b2 Volume du b\\u00e2timent : 750,00 m\\u00b3 Surface au sol : 434,21 m\\u00b2 Nombre d'\\u00e9tages : 1 (au-dessus du niveau du sol) Usage pr\\u00e9vu : Restaurant, commerce et habitation Hauteur (C\\u00e9rcea) : 3.40 m Contactez-nous d\\u00e8s aujourd'hui pour une pr\\u00e9sentation compl\\u00e8te du projet ou pour planifier une visite priv\\u00e9e du site.\",\"inLanguage\":\"fr-FR\",\"isPartOf\":{\"@id\":\"https:\\\/\\\/sunnysteve.com\\\/fr\\\/#website\"},\"breadcrumb\":{\"@id\":\"https:\\\/\\\/sunnysteve.com\\\/fr\\\/property\\\/investissement-sur-la-cote-ouest-centre-agree-pour-le-surf-et-le-style-de-vie\\\/#breadcrumblist\"},\"author\":{\"@id\":\"https:\\\/\\\/sunnysteve.com\\\/fr\\\/author\\\/#author\"},\"creator\":{\"@id\":\"https:\\\/\\\/sunnysteve.com\\\/fr\\\/author\\\/#author\"},\"image\":{\"@type\":\"ImageObject\",\"url\":\"https:\\\/\\\/sunnysteve.com\\\/wp-content\\\/uploads\\\/2026\\\/03\\\/336a8c3581c3e35a17c40410bda37df2_5dba9c4337_1920-original.jpg\",\"@id\":\"https:\\\/\\\/sunnysteve.com\\\/fr\\\/property\\\/investissement-sur-la-cote-ouest-centre-agree-pour-le-surf-et-le-style-de-vie\\\/#mainImage\",\"width\":1920,\"height\":1449},\"primaryImageOfPage\":{\"@id\":\"https:\\\/\\\/sunnysteve.com\\\/fr\\\/property\\\/investissement-sur-la-cote-ouest-centre-agree-pour-le-surf-et-le-style-de-vie\\\/#mainImage\"},\"datePublished\":\"2026-03-10T04:09:58+00:00\",\"dateModified\":\"2026-04-17T14:42:04+01:00\"},{\"@type\":\"WebSite\",\"@id\":\"https:\\\/\\\/sunnysteve.com\\\/fr\\\/#website\",\"url\":\"https:\\\/\\\/sunnysteve.com\\\/fr\\\/\",\"name\":\"SunnySteve - Lagos &amp; Algarve Real Estate\",\"alternateName\":\"Steve Marqu\\u00e9\",\"description\":\"We help International buyers find home in the Algarve\",\"inLanguage\":\"fr-FR\",\"publisher\":{\"@id\":\"https:\\\/\\\/sunnysteve.com\\\/fr\\\/#organization\"}}]}\n\t\t<\/script>\n\t\t<!-- All in One SEO Pro -->\r\n\t\t<title>Projet agr\u00e9\u00e9 Surf-Hospitalit\u00e9 + R\u00e9sidence priv\u00e9e \u00e0 3 km de Praia do Amado<\/title>\n\n","aioseo_head_json":{"title":"Projet agr\u00e9\u00e9 Surf-Hospitalit\u00e9 + R\u00e9sidence priv\u00e9e \u00e0 3 km de Praia do Amado","description":"Rare opportunit\u00e9 d'investissement sur la c\u00f4te vicentine. Il s'agit d'un projet commercial et r\u00e9sidentiel de 434 m\u00b2 (1 000 m\u00b2 de terrain de premier choix) enti\u00e8rement approuv\u00e9, con\u00e7u pour le march\u00e9 moderne du tourisme de surf, un centre de surf multifonctionnel, un restaurant et une maison d'h\u00f4tes. \u00c0 quelques minutes de Praia da Bordeira et \u00e0 seulement 3 km de Praia do Amado, une plage de renomm\u00e9e mondiale qui accueille des championnats internationaux de surf. Situ\u00e9e dans le parc naturel de la c\u00f4te vicentine, la r\u00e9gion est un sanctuaire de falaises, de dunes et d'une biodiversit\u00e9 unique. Une r\u00e9gion \u00e0 forte croissance qui attire une population internationale ais\u00e9e \u00e0 la recherche d'exp\u00e9riences de voyage authentiques, durables et actives. Contrairement aux parcelles commerciales standard, ce projet comprend un studio priv\u00e9 d\u00e9di\u00e9 \u00e0 l'habitation. Il s'agit donc d'une installation parfaite pour \"vivre et travailler\". En outre, 4 chambres \u00e0 louer, un restaurant de 37 couverts \u00e0 l'int\u00e9rieur et une terrasse ext\u00e9rieure de 64 places, un magasin de surf professionnel, un entrep\u00f4t de planches de surf, une laverie automatique sur place, plusieurs zones de d\u00e9tente, un bar sur le toit avec vue sur la mer font de cet espace un centre communautaire local o\u00f9 les familles se r\u00e9unissent pour manger, boire, jouer et profiter des couchers de soleil. Le projet a \u00e9t\u00e9 con\u00e7u par un architecte local r\u00e9put\u00e9 pour son expertise en mati\u00e8re de tourisme rural durable et d'architecture r\u00e9sidentielle. Son travail se caract\u00e9rise par l'utilisation de mat\u00e9riaux traditionnels pour cr\u00e9er des espaces contemporains et respectueux de l'environnement qui pr\u00e9servent \u00e0 la fois l'identit\u00e9 locale et l'\u00e9cosyst\u00e8me environnant. Oubliez les deux ans d'attente pour l'obtention d'un permis. Ce projet a \u00e9t\u00e9 approuv\u00e9 par la C\u00e2mara et est pr\u00eat \u00e0 \u00eatre construit. Sp\u00e9cifications du projet et caract\u00e9ristiques du b\u00e2timent : Surface totale de construction : 258,42 m\u00b2 Volume du b\u00e2timent : 750,00 m\u00b3 Surface au sol : 434,21 m\u00b2 Nombre d'\u00e9tages : 1 (au-dessus du niveau du sol) Usage pr\u00e9vu : Restaurant, commerce et habitation Hauteur (C\u00e9rcea) : 3.40 m Contactez-nous d\u00e8s aujourd'hui pour une pr\u00e9sentation compl\u00e8te du projet ou pour planifier une visite priv\u00e9e du site.","canonical_url":"https:\/\/sunnysteve.com\/fr\/property\/investissement-sur-la-cote-ouest-centre-agree-pour-le-surf-et-le-style-de-vie\/","robots":"max-image-preview:large","keywords":"","webmasterTools":{"google-site-verification":"6Spa-o41CcNSMq81uVrBXskB-BVQKssFNgXlgComdWc","miscellaneous":""},"schema":{"@context":"https:\/\/schema.org","@graph":[{"@type":"BreadcrumbList","@id":"https:\/\/sunnysteve.com\/fr\/property\/investissement-sur-la-cote-ouest-centre-agree-pour-le-surf-et-le-style-de-vie\/#breadcrumblist","itemListElement":[{"@type":"ListItem","@id":"https:\/\/sunnysteve.com\/fr\/#listItem","position":1,"name":"Home","item":"https:\/\/sunnysteve.com\/fr\/","nextItem":{"@type":"ListItem","@id":"https:\/\/sunnysteve.com\/fr\/property\/#listItem","name":"Propri\u00e9t\u00e9s"}},{"@type":"ListItem","@id":"https:\/\/sunnysteve.com\/fr\/property\/#listItem","position":2,"name":"Propri\u00e9t\u00e9s","item":"https:\/\/sunnysteve.com\/fr\/property\/","nextItem":{"@type":"ListItem","@id":"https:\/\/sunnysteve.com\/fr\/property-type\/terrain-a-batir\/#listItem","name":"Terrain \u00e0 b\u00e2tir"},"previousItem":{"@type":"ListItem","@id":"https:\/\/sunnysteve.com\/fr\/#listItem","name":"Home"}},{"@type":"ListItem","@id":"https:\/\/sunnysteve.com\/fr\/property-type\/terrain-a-batir\/#listItem","position":3,"name":"Terrain \u00e0 b\u00e2tir","item":"https:\/\/sunnysteve.com\/fr\/property-type\/terrain-a-batir\/","nextItem":{"@type":"ListItem","@id":"https:\/\/sunnysteve.com\/fr\/property\/investissement-sur-la-cote-ouest-centre-agree-pour-le-surf-et-le-style-de-vie\/#listItem","name":"Projet agr\u00e9\u00e9 Surf-Hospitalit\u00e9 + R\u00e9sidence priv\u00e9e \u00e0 3 km de Praia do Amado"},"previousItem":{"@type":"ListItem","@id":"https:\/\/sunnysteve.com\/fr\/property\/#listItem","name":"Propri\u00e9t\u00e9s"}},{"@type":"ListItem","@id":"https:\/\/sunnysteve.com\/fr\/property\/investissement-sur-la-cote-ouest-centre-agree-pour-le-surf-et-le-style-de-vie\/#listItem","position":4,"name":"Projet agr\u00e9\u00e9 Surf-Hospitalit\u00e9 + R\u00e9sidence priv\u00e9e \u00e0 3 km de Praia do Amado","previousItem":{"@type":"ListItem","@id":"https:\/\/sunnysteve.com\/fr\/property-type\/terrain-a-batir\/#listItem","name":"Terrain \u00e0 b\u00e2tir"}}]},{"@type":"Organization","@id":"https:\/\/sunnysteve.com\/fr\/#organization","name":"SunnySteve | Lagos &amp; Algarve Real Estate","description":"Twenty years of real estate mastery, now focused on Portugal's Western Algarve. SunnySteve guides expats and international clients through buying and selling in Lagos and along the surrounding coast, in English, French, Dutch and Portuguese. Brokered by eXp Realty.","url":"https:\/\/sunnysteve.com\/fr\/","email":"info@sunnysteve.com","telephone":"+351934916657","logo":{"@type":"ImageObject","url":"https:\/\/sunnysteve.com\/wp-content\/uploads\/2025\/05\/Sunny-Steve-Logo-2025-Blue.png","@id":"https:\/\/sunnysteve.com\/fr\/property\/investissement-sur-la-cote-ouest-centre-agree-pour-le-surf-et-le-style-de-vie\/#organizationLogo"},"image":{"@id":"https:\/\/sunnysteve.com\/fr\/property\/investissement-sur-la-cote-ouest-centre-agree-pour-le-surf-et-le-style-de-vie\/#organizationLogo"},"sameAs":["https:\/\/www.facebook.com\/sunnysteverealestate","https:\/\/x.com\/sunnysteve_real","https:\/\/www.instagram.com\/sunnysteve_realestate","https:\/\/www.tiktok.com\/@sunnysteve_realestate","https:\/\/www.youtube.com\/@sunnysteve_realestate","https:\/\/www.linkedin.com\/in\/stevemarque\/"],"address":{"@id":"https:\/\/sunnysteve.com\/fr\/#postaladdress","@type":"PostalAddress","streetAddress":"Rua Mario de Sa Carneiro 2,","postalCode":"8600-288","addressLocality":"Lagos","addressRegion":"Faro","addressCountry":"PT"},"vatID":"518631885"},{"@type":"WebPage","@id":"https:\/\/sunnysteve.com\/fr\/property\/investissement-sur-la-cote-ouest-centre-agree-pour-le-surf-et-le-style-de-vie\/#webpage","url":"https:\/\/sunnysteve.com\/fr\/property\/investissement-sur-la-cote-ouest-centre-agree-pour-le-surf-et-le-style-de-vie\/","name":"Projet agr\u00e9\u00e9 Surf-Hospitalit\u00e9 + R\u00e9sidence priv\u00e9e \u00e0 3 km de Praia do Amado","description":"Rare opportunit\u00e9 d'investissement sur la c\u00f4te vicentine. Il s'agit d'un projet commercial et r\u00e9sidentiel de 434 m\u00b2 (1 000 m\u00b2 de terrain de premier choix) enti\u00e8rement approuv\u00e9, con\u00e7u pour le march\u00e9 moderne du tourisme de surf, un centre de surf multifonctionnel, un restaurant et une maison d'h\u00f4tes. \u00c0 quelques minutes de Praia da Bordeira et \u00e0 seulement 3 km de Praia do Amado, une plage de renomm\u00e9e mondiale qui accueille des championnats internationaux de surf. Situ\u00e9e dans le parc naturel de la c\u00f4te vicentine, la r\u00e9gion est un sanctuaire de falaises, de dunes et d'une biodiversit\u00e9 unique. Une r\u00e9gion \u00e0 forte croissance qui attire une population internationale ais\u00e9e \u00e0 la recherche d'exp\u00e9riences de voyage authentiques, durables et actives. Contrairement aux parcelles commerciales standard, ce projet comprend un studio priv\u00e9 d\u00e9di\u00e9 \u00e0 l'habitation. Il s'agit donc d'une installation parfaite pour \"vivre et travailler\". En outre, 4 chambres \u00e0 louer, un restaurant de 37 couverts \u00e0 l'int\u00e9rieur et une terrasse ext\u00e9rieure de 64 places, un magasin de surf professionnel, un entrep\u00f4t de planches de surf, une laverie automatique sur place, plusieurs zones de d\u00e9tente, un bar sur le toit avec vue sur la mer font de cet espace un centre communautaire local o\u00f9 les familles se r\u00e9unissent pour manger, boire, jouer et profiter des couchers de soleil. Le projet a \u00e9t\u00e9 con\u00e7u par un architecte local r\u00e9put\u00e9 pour son expertise en mati\u00e8re de tourisme rural durable et d'architecture r\u00e9sidentielle. Son travail se caract\u00e9rise par l'utilisation de mat\u00e9riaux traditionnels pour cr\u00e9er des espaces contemporains et respectueux de l'environnement qui pr\u00e9servent \u00e0 la fois l'identit\u00e9 locale et l'\u00e9cosyst\u00e8me environnant. Oubliez les deux ans d'attente pour l'obtention d'un permis. Ce projet a \u00e9t\u00e9 approuv\u00e9 par la C\u00e2mara et est pr\u00eat \u00e0 \u00eatre construit. Sp\u00e9cifications du projet et caract\u00e9ristiques du b\u00e2timent : Surface totale de construction : 258,42 m\u00b2 Volume du b\u00e2timent : 750,00 m\u00b3 Surface au sol : 434,21 m\u00b2 Nombre d'\u00e9tages : 1 (au-dessus du niveau du sol) Usage pr\u00e9vu : Restaurant, commerce et habitation Hauteur (C\u00e9rcea) : 3.40 m Contactez-nous d\u00e8s aujourd'hui pour une pr\u00e9sentation compl\u00e8te du projet ou pour planifier une visite priv\u00e9e du site.","inLanguage":"fr-FR","isPartOf":{"@id":"https:\/\/sunnysteve.com\/fr\/#website"},"breadcrumb":{"@id":"https:\/\/sunnysteve.com\/fr\/property\/investissement-sur-la-cote-ouest-centre-agree-pour-le-surf-et-le-style-de-vie\/#breadcrumblist"},"author":{"@id":"https:\/\/sunnysteve.com\/fr\/author\/#author"},"creator":{"@id":"https:\/\/sunnysteve.com\/fr\/author\/#author"},"image":{"@type":"ImageObject","url":"https:\/\/sunnysteve.com\/wp-content\/uploads\/2026\/03\/336a8c3581c3e35a17c40410bda37df2_5dba9c4337_1920-original.jpg","@id":"https:\/\/sunnysteve.com\/fr\/property\/investissement-sur-la-cote-ouest-centre-agree-pour-le-surf-et-le-style-de-vie\/#mainImage","width":1920,"height":1449},"primaryImageOfPage":{"@id":"https:\/\/sunnysteve.com\/fr\/property\/investissement-sur-la-cote-ouest-centre-agree-pour-le-surf-et-le-style-de-vie\/#mainImage"},"datePublished":"2026-03-10T04:09:58+00:00","dateModified":"2026-04-17T14:42:04+01:00"},{"@type":"WebSite","@id":"https:\/\/sunnysteve.com\/fr\/#website","url":"https:\/\/sunnysteve.com\/fr\/","name":"SunnySteve - Lagos &amp; Algarve Real Estate","alternateName":"Steve Marqu\u00e9","description":"We help International buyers find home in the Algarve","inLanguage":"fr-FR","publisher":{"@id":"https:\/\/sunnysteve.com\/fr\/#organization"}}]},"og:locale":"fr_FR","og:site_name":"SunnySteve | Lagos &amp; Algarve Real Estate \u00bb We help International buyers find home in the Algarve","og:type":"article","og:title":"Projet agr\u00e9\u00e9 Surf-Hospitalit\u00e9 + R\u00e9sidence priv\u00e9e \u00e0 3 km de Praia do Amado","og:description":"Rare opportunit\u00e9 d'investissement sur la c\u00f4te vicentine. Il s'agit d'un projet commercial et r\u00e9sidentiel de 434 m\u00b2 (1 000 m\u00b2 de terrain de premier choix) enti\u00e8rement approuv\u00e9, con\u00e7u pour le march\u00e9 moderne du tourisme de surf, un centre de surf multifonctionnel, un restaurant et une maison d'h\u00f4tes. \u00c0 quelques minutes de Praia da Bordeira et \u00e0 seulement 3 km de Praia do Amado, une plage de renomm\u00e9e mondiale qui accueille des championnats internationaux de surf. Situ\u00e9e dans le parc naturel de la c\u00f4te vicentine, la r\u00e9gion est un sanctuaire de falaises, de dunes et d'une biodiversit\u00e9 unique. Une r\u00e9gion \u00e0 forte croissance qui attire une population internationale ais\u00e9e \u00e0 la recherche d'exp\u00e9riences de voyage authentiques, durables et actives. Contrairement aux parcelles commerciales standard, ce projet comprend un studio priv\u00e9 d\u00e9di\u00e9 \u00e0 l'habitation. Il s'agit donc d'une installation parfaite pour &quot;vivre et travailler&quot;. En outre, 4 chambres \u00e0 louer, un restaurant de 37 couverts \u00e0 l'int\u00e9rieur et une terrasse ext\u00e9rieure de 64 places, un magasin de surf professionnel, un entrep\u00f4t de planches de surf, une laverie automatique sur place, plusieurs zones de d\u00e9tente, un bar sur le toit avec vue sur la mer font de cet espace un centre communautaire local o\u00f9 les familles se r\u00e9unissent pour manger, boire, jouer et profiter des couchers de soleil. Le projet a \u00e9t\u00e9 con\u00e7u par un architecte local r\u00e9put\u00e9 pour son expertise en mati\u00e8re de tourisme rural durable et d'architecture r\u00e9sidentielle. Son travail se caract\u00e9rise par l'utilisation de mat\u00e9riaux traditionnels pour cr\u00e9er des espaces contemporains et respectueux de l'environnement qui pr\u00e9servent \u00e0 la fois l'identit\u00e9 locale et l'\u00e9cosyst\u00e8me environnant. Oubliez les deux ans d'attente pour l'obtention d'un permis. Ce projet a \u00e9t\u00e9 approuv\u00e9 par la C\u00e2mara et est pr\u00eat \u00e0 \u00eatre construit. Sp\u00e9cifications du projet et caract\u00e9ristiques du b\u00e2timent : Surface totale de construction : 258,42 m\u00b2 Volume du b\u00e2timent : 750,00 m\u00b3 Surface au sol : 434,21 m\u00b2 Nombre d'\u00e9tages : 1 (au-dessus du niveau du sol) Usage pr\u00e9vu : Restaurant, commerce et habitation Hauteur (C\u00e9rcea) : 3.40 m Contactez-nous d\u00e8s aujourd'hui pour une pr\u00e9sentation compl\u00e8te du projet ou pour planifier une visite priv\u00e9e du site.","og:url":"https:\/\/sunnysteve.com\/fr\/property\/investissement-sur-la-cote-ouest-centre-agree-pour-le-surf-et-le-style-de-vie\/","og:image":"https:\/\/sunnysteve.com\/wp-content\/uploads\/2026\/03\/336a8c3581c3e35a17c40410bda37df2_5dba9c4337_1920-original.jpg","og:image:secure_url":"https:\/\/sunnysteve.com\/wp-content\/uploads\/2026\/03\/336a8c3581c3e35a17c40410bda37df2_5dba9c4337_1920-original.jpg","og:image:width":1920,"og:image:height":1449,"article:published_time":"2026-03-10T04:09:58+00:00","article:modified_time":"2026-04-17T13:42:04+00:00","article:publisher":"https:\/\/www.facebook.com\/sunnysteverealestate","twitter:card":"summary_large_image","twitter:site":"@sunnysteve_real","twitter:title":"Projet agr\u00e9\u00e9 Surf-Hospitalit\u00e9 + R\u00e9sidence priv\u00e9e \u00e0 3 km de Praia do Amado","twitter:description":"Rare opportunit\u00e9 d'investissement sur la c\u00f4te vicentine. Il s'agit d'un projet commercial et r\u00e9sidentiel de 434 m\u00b2 (1 000 m\u00b2 de terrain de premier choix) enti\u00e8rement approuv\u00e9, con\u00e7u pour le march\u00e9 moderne du tourisme de surf, un centre de surf multifonctionnel, un restaurant et une maison d'h\u00f4tes. \u00c0 quelques minutes de Praia da Bordeira et \u00e0 seulement 3 km de Praia do Amado, une plage de renomm\u00e9e mondiale qui accueille des championnats internationaux de surf. Situ\u00e9e dans le parc naturel de la c\u00f4te vicentine, la r\u00e9gion est un sanctuaire de falaises, de dunes et d'une biodiversit\u00e9 unique. Une r\u00e9gion \u00e0 forte croissance qui attire une population internationale ais\u00e9e \u00e0 la recherche d'exp\u00e9riences de voyage authentiques, durables et actives. Contrairement aux parcelles commerciales standard, ce projet comprend un studio priv\u00e9 d\u00e9di\u00e9 \u00e0 l'habitation. Il s'agit donc d'une installation parfaite pour &quot;vivre et travailler&quot;. En outre, 4 chambres \u00e0 louer, un restaurant de 37 couverts \u00e0 l'int\u00e9rieur et une terrasse ext\u00e9rieure de 64 places, un magasin de surf professionnel, un entrep\u00f4t de planches de surf, une laverie automatique sur place, plusieurs zones de d\u00e9tente, un bar sur le toit avec vue sur la mer font de cet espace un centre communautaire local o\u00f9 les familles se r\u00e9unissent pour manger, boire, jouer et profiter des couchers de soleil. Le projet a \u00e9t\u00e9 con\u00e7u par un architecte local r\u00e9put\u00e9 pour son expertise en mati\u00e8re de tourisme rural durable et d'architecture r\u00e9sidentielle. Son travail se caract\u00e9rise par l'utilisation de mat\u00e9riaux traditionnels pour cr\u00e9er des espaces contemporains et respectueux de l'environnement qui pr\u00e9servent \u00e0 la fois l'identit\u00e9 locale et l'\u00e9cosyst\u00e8me environnant. Oubliez les deux ans d'attente pour l'obtention d'un permis. Ce projet a \u00e9t\u00e9 approuv\u00e9 par la C\u00e2mara et est pr\u00eat \u00e0 \u00eatre construit. Sp\u00e9cifications du projet et caract\u00e9ristiques du b\u00e2timent : Surface totale de construction : 258,42 m\u00b2 Volume du b\u00e2timent : 750,00 m\u00b3 Surface au sol : 434,21 m\u00b2 Nombre d'\u00e9tages : 1 (au-dessus du niveau du sol) Usage pr\u00e9vu : Restaurant, commerce et habitation Hauteur (C\u00e9rcea) : 3.40 m Contactez-nous d\u00e8s aujourd'hui pour une pr\u00e9sentation compl\u00e8te du projet ou pour planifier une visite priv\u00e9e du site.","twitter:creator":"@sunnysteve_real","twitter:image":"https:\/\/sunnysteve.com\/wp-content\/uploads\/2026\/03\/336a8c3581c3e35a17c40410bda37df2_5dba9c4337_1920-original.jpg"},"aioseo_meta_data":{"post_id":"94230","title":null,"description":null,"keywords":null,"keyphrases":null,"primary_term":null,"canonical_url":null,"og_title":null,"og_description":null,"og_object_type":"default","og_image_type":"default","og_image_url":null,"og_image_width":null,"og_image_height":null,"og_image_custom_url":null,"og_image_custom_fields":null,"og_video":null,"og_custom_url":null,"og_article_section":null,"og_article_tags":null,"twitter_use_og":false,"twitter_card":"default","twitter_image_type":"default","twitter_image_url":null,"twitter_image_custom_url":null,"twitter_image_custom_fields":null,"twitter_title":null,"twitter_description":null,"schema":{"blockGraphs":[],"customGraphs":[],"default":{"data":{"Article":[],"Course":[],"Dataset":[],"FAQPage":[],"Movie":[],"Person":[],"Product":[],"ProductReview":[],"Car":[],"Recipe":[],"Service":[],"SoftwareApplication":[],"WebPage":[]},"graphName":"WebPage","isEnabled":true},"graphs":[]},"schema_type":"default","schema_type_options":null,"pillar_content":false,"robots_default":true,"robots_noindex":false,"robots_noarchive":false,"robots_nosnippet":false,"robots_nofollow":false,"robots_noimageindex":false,"robots_noodp":false,"robots_notranslate":false,"robots_max_snippet":null,"robots_max_videopreview":null,"robots_max_imagepreview":"large","priority":null,"frequency":null,"local_seo":null,"seo_analyzer_scan_date":"2026-04-19 15:52:38","breadcrumb_settings":null,"limit_modified_date":false,"reviewed_by":null,"open_ai":null,"ai":null,"created":"2026-03-10 14:21:04","updated":"2026-04-19 21:28:50"},"aioseo_breadcrumb":"<div class=\"aioseo-breadcrumbs\"><span class=\"aioseo-breadcrumb\">\n\t<a href=\"https:\/\/sunnysteve.com\/fr\/\" title=\"Home\">Home<\/a>\n<\/span><span class=\"aioseo-breadcrumb-separator\">\u00bb<\/span><span class=\"aioseo-breadcrumb\">\n\t<a href=\"https:\/\/sunnysteve.com\/fr\/property\/\" title=\"Propri\u00e9t\u00e9s\">Propri\u00e9t\u00e9s<\/a>\n<\/span><span class=\"aioseo-breadcrumb-separator\">\u00bb<\/span><span class=\"aioseo-breadcrumb\">\n\t<a href=\"https:\/\/sunnysteve.com\/fr\/property-type\/terrain-a-batir\/\" title=\"Terrain \u00e0 b\u00e2tir\">Terrain \u00e0 b\u00e2tir<\/a>\n<\/span><span class=\"aioseo-breadcrumb-separator\">\u00bb<\/span><span class=\"aioseo-breadcrumb\">\n\tProjet agr\u00e9\u00e9 Surf-Hospitalit\u00e9 + R\u00e9sidence priv\u00e9e \u00e0 3 km de Praia do Amado\n<\/span><\/div>","aioseo_breadcrumb_json":[{"label":"Home","link":"https:\/\/sunnysteve.com\/fr\/"},{"label":"Propri\u00e9t\u00e9s","link":"https:\/\/sunnysteve.com\/fr\/property\/"},{"label":"Terrain \u00e0 b\u00e2tir","link":"https:\/\/sunnysteve.com\/fr\/property-type\/terrain-a-batir\/"},{"label":"Projet agr\u00e9\u00e9 Surf-Hospitalit\u00e9 + R\u00e9sidence priv\u00e9e \u00e0 3 km de Praia do Amado","link":"https:\/\/sunnysteve.com\/fr\/property\/investissement-sur-la-cote-ouest-centre-agree-pour-le-surf-et-le-style-de-vie\/"}],"_links":{"self":[{"href":"https:\/\/sunnysteve.com\/fr\/wp-json\/wp\/v2\/properties\/94230","targetHints":{"allow":["GET"]}}],"collection":[{"href":"https:\/\/sunnysteve.com\/fr\/wp-json\/wp\/v2\/properties"}],"about":[{"href":"https:\/\/sunnysteve.com\/fr\/wp-json\/wp\/v2\/types\/property"}],"version-history":[{"count":0,"href":"https:\/\/sunnysteve.com\/fr\/wp-json\/wp\/v2\/properties\/94230\/revisions"}],"wp:featuredmedia":[{"embeddable":true,"href":"https:\/\/sunnysteve.com\/fr\/wp-json\/wp\/v2\/media\/94234"}],"wp:attachment":[{"href":"https:\/\/sunnysteve.com\/fr\/wp-json\/wp\/v2\/media?parent=94230"}],"wp:term":[{"taxonomy":"property_type","embeddable":true,"href":"https:\/\/sunnysteve.com\/fr\/wp-json\/wp\/v2\/property_type?post=94230"},{"taxonomy":"property_status","embeddable":true,"href":"https:\/\/sunnysteve.com\/fr\/wp-json\/wp\/v2\/property_status?post=94230"},{"taxonomy":"property_feature","embeddable":true,"href":"https:\/\/sunnysteve.com\/fr\/wp-json\/wp\/v2\/property_feature?post=94230"},{"taxonomy":"property_label","embeddable":true,"href":"https:\/\/sunnysteve.com\/fr\/wp-json\/wp\/v2\/property_label?post=94230"},{"taxonomy":"property_state","embeddable":true,"href":"https:\/\/sunnysteve.com\/fr\/wp-json\/wp\/v2\/property_state?post=94230"},{"taxonomy":"property_city","embeddable":true,"href":"https:\/\/sunnysteve.com\/fr\/wp-json\/wp\/v2\/property_city?post=94230"},{"taxonomy":"property_area","embeddable":true,"href":"https:\/\/sunnysteve.com\/fr\/wp-json\/wp\/v2\/property_area?post=94230"}],"curies":[{"name":"wp","href":"https:\/\/api.w.org\/{rel}","templated":true}]}}