{"id":116279,"date":"2026-08-10T15:57:00","date_gmt":"2026-08-10T14:57:00","guid":{"rendered":"https:\/\/sunnysteve.com\/property\/1560-m-nicht-bebaubares-grundstueck-in-santa-barbara-de-nexe\/"},"modified":"2026-08-18T19:06:52","modified_gmt":"2026-08-18T18:06:52","slug":"1560-m-nicht-bebaubares-grundstueck-in-santa-barbara-de-nexe","status":"publish","type":"property","link":"https:\/\/sunnysteve.com\/de\/property\/1560-m-nicht-bebaubares-grundstueck-in-santa-barbara-de-nexe\/","title":{"rendered":"1.560 m\u00b2 nicht bebaubares Grundst\u00fcck in Santa B\u00e1rbara de Nexe"},"content":{"rendered":"<p>Entdecken Sie dieses malerische, 1.560 m\u00b2 gro\u00dfe nicht bebaubare Grundst\u00fcck in der ruhigen Gegend von Santa B\u00e1rbara de Nexe, in Faro (S\u00e9 e S\u00e3o Pedro), Portugal. Umgeben von gr\u00fcner Landschaft und der charakteristischen Vegetation der Algarve, bietet dieses Grundst\u00fcck eine hervorragende Gelegenheit f\u00fcr alle, die einen nat\u00fcrlichen R\u00fcckzugsort suchen oder in ein Grundst\u00fcck f\u00fcr landwirtschaftliche oder freizeitliche Zwecke investieren m\u00f6chten.<\/p>\n<p>Das Grundst\u00fcck ist \u00fcber eine gut instand gehaltene Stra\u00dfe leicht zug\u00e4nglich, wobei Steinmauern und \u00fcppige B\u00e4ume Privatsph\u00e4re und sch\u00f6ne Ausblicke bieten. Die ruhige Umgebung ist ideal f\u00fcr Aktivit\u00e4ten im Freien, Gartenarbeit oder einfach, um die ruhige Landschaft der Algarve zu genie\u00dfen. Die Gegend ist bekannt f\u00fcr ihre sanften H\u00fcgel und ihren l\u00e4ndlichen Charme, was sie zu einem reizvollen Ort f\u00fcr Naturliebhaber macht.<\/p>\n<p>Obwohl auf diesem Grundst\u00fcck nicht gebaut werden darf, ist sein Potenzial als Freizeitfl\u00e4che oder landwirtschaftliches Vorhaben immens. Genie\u00dfen Sie die N\u00e4he zu den \u00f6rtlichen Annehmlichkeiten und den lebendigen Gemeinden Santa B\u00e1rbara de Nexe und Faro, w\u00e4hrend Sie in eine wahrhaft authentische und ruhige Umgebung eintauchen.<\/p>\n","protected":false},"excerpt":{"rendered":"<p>Entdecken Sie dieses malerische, 1.560 m\u00b2 gro\u00dfe nicht bebaubare Grundst\u00fcck in der ruhigen Gegend von Santa B\u00e1rbara de Nexe, in Faro (S\u00e9 e S\u00e3o Pedro), Portugal. Umgeben von gr\u00fcner Landschaft und der charakteristischen Vegetation der Algarve, bietet dieses Grundst\u00fcck eine hervorragende Gelegenheit f\u00fcr alle, die einen nat\u00fcrlichen R\u00fcckzugsort suchen oder in ein Grundst\u00fcck f\u00fcr landwirtschaftliche oder freizeitliche Zwecke investieren m\u00f6chten.<\/p>\n<p>Das Grundst\u00fcck ist \u00fcber eine gut instand gehaltene Stra\u00dfe leicht zug\u00e4nglich, wobei Steinmauern und \u00fcppige B\u00e4ume Privatsph\u00e4re und sch\u00f6ne Ausblicke bieten. Die ruhige Umgebung ist ideal f\u00fcr Aktivit\u00e4ten im Freien, Gartenarbeit oder einfach, um die ruhige Landschaft der Algarve zu genie\u00dfen. Die Gegend ist bekannt f\u00fcr ihre sanften H\u00fcgel und ihren l\u00e4ndlichen Charme, was sie zu einem reizvollen Ort f\u00fcr Naturliebhaber macht.<\/p>\n<p>Obwohl auf diesem Grundst\u00fcck nicht gebaut werden darf, ist sein Potenzial als Freizeitfl\u00e4che oder landwirtschaftliches Vorhaben immens. Genie\u00dfen Sie die N\u00e4he zu den \u00f6rtlichen Annehmlichkeiten und den lebendigen Gemeinden Santa B\u00e1rbara de Nexe und Faro, w\u00e4hrend Sie in eine wahrhaft authentische und ruhige Umgebung eintauchen.<\/p>\n","protected":false},"author":6,"featured_media":116602,"parent":0,"menu_order":0,"template":"","property_type":[759],"property_status":[651],"property_feature":[],"property_label":[],"property_state":[1899],"property_city":[1781],"property_area":[2052],"class_list":["post-116279","property","type-property","status-publish","has-post-thumbnail","hentry","property_type-land-zum-bauen","property_status-zu-verkaufen","property_state-zentrale-algarve","property_city-faro","property_area-santa-barbara-de-nexe"],"aioseo_notices":[],"aioseo_head":"\n\t\t<!-- All in One SEO 5.0.1.1 - aioseo.com -->\n\t<meta name=\"description\" content=\"Entdecken Sie dieses malerische, 1.560 m\u00b2 gro\u00dfe nicht bebaubare Grundst\u00fcck in der ruhigen Gegend von Santa B\u00e1rbara de Nexe, in Faro (S\u00e9 e S\u00e3o Pedro), Portugal. Umgeben von gr\u00fcner Landschaft und der charakteristischen Vegetation der Algarve, bietet dieses Grundst\u00fcck eine hervorragende Gelegenheit f\u00fcr alle, die einen nat\u00fcrlichen R\u00fcckzugsort suchen oder in ein Grundst\u00fcck f\u00fcr landwirtschaftliche oder freizeitliche Zwecke investieren m\u00f6chten. Das Grundst\u00fcck ist \u00fcber eine gut instand gehaltene Stra\u00dfe leicht zug\u00e4nglich, wobei Steinmauern und \u00fcppige B\u00e4ume Privatsph\u00e4re und sch\u00f6ne Ausblicke bieten. Die ruhige Umgebung ist ideal f\u00fcr Aktivit\u00e4ten im Freien, Gartenarbeit oder einfach, um die ruhige Landschaft der Algarve zu genie\u00dfen. Die Gegend ist bekannt f\u00fcr ihre sanften H\u00fcgel und ihren l\u00e4ndlichen Charme, was sie zu einem reizvollen Ort f\u00fcr Naturliebhaber macht. Obwohl auf diesem Grundst\u00fcck nicht gebaut werden darf, ist sein Potenzial als Freizeitfl\u00e4che oder landwirtschaftliches Vorhaben immens. Genie\u00dfen Sie die N\u00e4he zu den \u00f6rtlichen Annehmlichkeiten und den lebendigen Gemeinden Santa B\u00e1rbara de Nexe und Faro, w\u00e4hrend Sie in eine wahrhaft authentische und ruhige Umgebung eintauchen.\" \/>\n\t<meta name=\"robots\" content=\"max-image-preview:large\" \/>\n\t<meta name=\"author\" content=\"Steve Marqu\u00e9\"\/>\n\t<meta name=\"google-site-verification\" content=\"6Spa-o41CcNSMq81uVrBXskB-BVQKssFNgXlgComdWc\" \/>\n\t<link rel=\"canonical\" href=\"https:\/\/sunnysteve.com\/de\/property\/1560-m-nicht-bebaubares-grundstueck-in-santa-barbara-de-nexe\/\" \/>\n\t<meta name=\"generator\" content=\"All in One SEO (AIOSEO) 5.0.1.1\" \/>\n\t\t<meta property=\"og:locale\" content=\"de_DE\" \/>\n\t\t<meta property=\"og:site_name\" content=\"SunnySteve | Lagos and Western Algarve Real Estate \u00bb We help International buyers find home in the Algarve\" \/>\n\t\t<meta property=\"og:type\" content=\"article\" \/>\n\t\t<meta property=\"og:title\" content=\"1.560 m\u00b2 nicht bebaubares Grundst\u00fcck in Santa B\u00e1rbara de Nexe\" \/>\n\t\t<meta property=\"og:description\" content=\"Entdecken Sie dieses malerische, 1.560 m\u00b2 gro\u00dfe nicht bebaubare Grundst\u00fcck in der ruhigen Gegend von Santa B\u00e1rbara de Nexe, in Faro (S\u00e9 e S\u00e3o Pedro), Portugal. Umgeben von gr\u00fcner Landschaft und der charakteristischen Vegetation der Algarve, bietet dieses Grundst\u00fcck eine hervorragende Gelegenheit f\u00fcr alle, die einen nat\u00fcrlichen R\u00fcckzugsort suchen oder in ein Grundst\u00fcck f\u00fcr landwirtschaftliche oder freizeitliche Zwecke investieren m\u00f6chten. Das Grundst\u00fcck ist \u00fcber eine gut instand gehaltene Stra\u00dfe leicht zug\u00e4nglich, wobei Steinmauern und \u00fcppige B\u00e4ume Privatsph\u00e4re und sch\u00f6ne Ausblicke bieten. Die ruhige Umgebung ist ideal f\u00fcr Aktivit\u00e4ten im Freien, Gartenarbeit oder einfach, um die ruhige Landschaft der Algarve zu genie\u00dfen. Die Gegend ist bekannt f\u00fcr ihre sanften H\u00fcgel und ihren l\u00e4ndlichen Charme, was sie zu einem reizvollen Ort f\u00fcr Naturliebhaber macht. Obwohl auf diesem Grundst\u00fcck nicht gebaut werden darf, ist sein Potenzial als Freizeitfl\u00e4che oder landwirtschaftliches Vorhaben immens. Genie\u00dfen Sie die N\u00e4he zu den \u00f6rtlichen Annehmlichkeiten und den lebendigen Gemeinden Santa B\u00e1rbara de Nexe und Faro, w\u00e4hrend Sie in eine wahrhaft authentische und ruhige Umgebung eintauchen.\" \/>\n\t\t<meta property=\"og:url\" content=\"https:\/\/sunnysteve.com\/de\/property\/1560-m-nicht-bebaubares-grundstueck-in-santa-barbara-de-nexe\/\" \/>\n\t\t<meta property=\"og:image\" content=\"https:\/\/sunnysteve.com\/wp-content\/uploads\/2026\/08\/6ca51cf9baef3846ef6f7096f30ef30d_da3f9dbf68_638-original.jpg\" \/>\n\t\t<meta property=\"og:image:secure_url\" content=\"https:\/\/sunnysteve.com\/wp-content\/uploads\/2026\/08\/6ca51cf9baef3846ef6f7096f30ef30d_da3f9dbf68_638-original.jpg\" \/>\n\t\t<meta property=\"og:image:width\" content=\"638\" \/>\n\t\t<meta property=\"og:image:height\" content=\"560\" \/>\n\t\t<meta property=\"article:published_time\" content=\"2026-08-10T14:57:00+00:00\" \/>\n\t\t<meta property=\"article:modified_time\" content=\"2026-08-18T18:06:52+00:00\" \/>\n\t\t<meta property=\"article:publisher\" content=\"https:\/\/www.facebook.com\/sunnystevealgarve\" \/>\n\t\t<meta property=\"article:author\" content=\"https:\/\/www.facebook.com\/sunnystevealgarve\" \/>\n\t\t<meta name=\"twitter:card\" content=\"summary_large_image\" \/>\n\t\t<meta name=\"twitter:site\" content=\"@sunnysteve_pt\" \/>\n\t\t<meta name=\"twitter:title\" content=\"1.560 m\u00b2 nicht bebaubares Grundst\u00fcck in Santa B\u00e1rbara de Nexe\" \/>\n\t\t<meta name=\"twitter:description\" content=\"Entdecken Sie dieses malerische, 1.560 m\u00b2 gro\u00dfe nicht bebaubare Grundst\u00fcck in der ruhigen Gegend von Santa B\u00e1rbara de Nexe, in Faro (S\u00e9 e S\u00e3o Pedro), Portugal. Umgeben von gr\u00fcner Landschaft und der charakteristischen Vegetation der Algarve, bietet dieses Grundst\u00fcck eine hervorragende Gelegenheit f\u00fcr alle, die einen nat\u00fcrlichen R\u00fcckzugsort suchen oder in ein Grundst\u00fcck f\u00fcr landwirtschaftliche oder freizeitliche Zwecke investieren m\u00f6chten. Das Grundst\u00fcck ist \u00fcber eine gut instand gehaltene Stra\u00dfe leicht zug\u00e4nglich, wobei Steinmauern und \u00fcppige B\u00e4ume Privatsph\u00e4re und sch\u00f6ne Ausblicke bieten. Die ruhige Umgebung ist ideal f\u00fcr Aktivit\u00e4ten im Freien, Gartenarbeit oder einfach, um die ruhige Landschaft der Algarve zu genie\u00dfen. Die Gegend ist bekannt f\u00fcr ihre sanften H\u00fcgel und ihren l\u00e4ndlichen Charme, was sie zu einem reizvollen Ort f\u00fcr Naturliebhaber macht. Obwohl auf diesem Grundst\u00fcck nicht gebaut werden darf, ist sein Potenzial als Freizeitfl\u00e4che oder landwirtschaftliches Vorhaben immens. Genie\u00dfen Sie die N\u00e4he zu den \u00f6rtlichen Annehmlichkeiten und den lebendigen Gemeinden Santa B\u00e1rbara de Nexe und Faro, w\u00e4hrend Sie in eine wahrhaft authentische und ruhige Umgebung eintauchen.\" \/>\n\t\t<meta name=\"twitter:creator\" content=\"@sunnysteve_pt\" \/>\n\t\t<meta name=\"twitter:image\" content=\"https:\/\/sunnysteve.com\/wp-content\/uploads\/2026\/08\/6ca51cf9baef3846ef6f7096f30ef30d_da3f9dbf68_638-original.jpg\" \/>\n\t\t<script type=\"application\/ld+json\" class=\"aioseo-schema\">\n\t\t\t{\"@context\":\"https:\\\/\\\/schema.org\",\"@graph\":[{\"@type\":\"BreadcrumbList\",\"@id\":\"https:\\\/\\\/sunnysteve.com\\\/de\\\/property\\\/1560-m-nicht-bebaubares-grundstueck-in-santa-barbara-de-nexe\\\/#breadcrumblist\",\"itemListElement\":[{\"@type\":\"ListItem\",\"@id\":\"https:\\\/\\\/sunnysteve.com\\\/de\\\/#listItem\",\"position\":1,\"name\":\"Home\",\"item\":\"https:\\\/\\\/sunnysteve.com\\\/de\\\/\",\"nextItem\":{\"@type\":\"ListItem\",\"@id\":\"https:\\\/\\\/sunnysteve.com\\\/de\\\/property\\\/#listItem\",\"name\":\"Eigenschaften\"}},{\"@type\":\"ListItem\",\"@id\":\"https:\\\/\\\/sunnysteve.com\\\/de\\\/property\\\/#listItem\",\"position\":2,\"name\":\"Eigenschaften\",\"item\":\"https:\\\/\\\/sunnysteve.com\\\/de\\\/property\\\/\",\"nextItem\":{\"@type\":\"ListItem\",\"@id\":\"https:\\\/\\\/sunnysteve.com\\\/de\\\/property-type\\\/land-zum-bauen\\\/#listItem\",\"name\":\"Land zum Bauen\"},\"previousItem\":{\"@type\":\"ListItem\",\"@id\":\"https:\\\/\\\/sunnysteve.com\\\/de\\\/#listItem\",\"name\":\"Home\"}},{\"@type\":\"ListItem\",\"@id\":\"https:\\\/\\\/sunnysteve.com\\\/de\\\/property-type\\\/land-zum-bauen\\\/#listItem\",\"position\":3,\"name\":\"Land zum Bauen\",\"item\":\"https:\\\/\\\/sunnysteve.com\\\/de\\\/property-type\\\/land-zum-bauen\\\/\",\"nextItem\":{\"@type\":\"ListItem\",\"@id\":\"https:\\\/\\\/sunnysteve.com\\\/de\\\/property\\\/1560-m-nicht-bebaubares-grundstueck-in-santa-barbara-de-nexe\\\/#listItem\",\"name\":\"1.560 m\\u00b2 nicht bebaubares Grundst\\u00fcck in Santa B\\u00e1rbara de Nexe\"},\"previousItem\":{\"@type\":\"ListItem\",\"@id\":\"https:\\\/\\\/sunnysteve.com\\\/de\\\/property\\\/#listItem\",\"name\":\"Eigenschaften\"}},{\"@type\":\"ListItem\",\"@id\":\"https:\\\/\\\/sunnysteve.com\\\/de\\\/property\\\/1560-m-nicht-bebaubares-grundstueck-in-santa-barbara-de-nexe\\\/#listItem\",\"position\":4,\"name\":\"1.560 m\\u00b2 nicht bebaubares Grundst\\u00fcck in Santa B\\u00e1rbara de Nexe\",\"previousItem\":{\"@type\":\"ListItem\",\"@id\":\"https:\\\/\\\/sunnysteve.com\\\/de\\\/property-type\\\/land-zum-bauen\\\/#listItem\",\"name\":\"Land zum Bauen\"}}]},{\"@type\":\"Organization\",\"@id\":\"https:\\\/\\\/sunnysteve.com\\\/de\\\/#organization\",\"name\":\"SunnySteve | Lagos Algarve Real Estate\",\"description\":\"Twenty years of real estate mastery, now focused on Portugal's Western Algarve. SunnySteve guides expats and international clients through buying and selling in Lagos and along the surrounding coast, in English, French, Dutch and Portuguese. Brokered by eXp Realty.\",\"url\":\"https:\\\/\\\/sunnysteve.com\\\/de\\\/\",\"email\":\"info@sunnysteve.com\",\"telephone\":\"+351934916657\",\"logo\":{\"@type\":\"ImageObject\",\"url\":\"https:\\\/\\\/sunnysteve.com\\\/wp-content\\\/uploads\\\/2025\\\/05\\\/Sunny-Steve-Logo-2025-Blue.png\",\"@id\":\"https:\\\/\\\/sunnysteve.com\\\/de\\\/property\\\/1560-m-nicht-bebaubares-grundstueck-in-santa-barbara-de-nexe\\\/#organizationLogo\"},\"image\":{\"@id\":\"https:\\\/\\\/sunnysteve.com\\\/de\\\/property\\\/1560-m-nicht-bebaubares-grundstueck-in-santa-barbara-de-nexe\\\/#organizationLogo\"},\"sameAs\":[\"https:\\\/\\\/www.facebook.com\\\/sunnystevealgarve\",\"https:\\\/\\\/x.com\\\/sunnysteve_pt\",\"https:\\\/\\\/www.instagram.com\\\/sunnysteve_algarve\\\/\",\"https:\\\/\\\/www.tiktok.com\\\/@sunnysteve_algarve\",\"https:\\\/\\\/www.youtube.com\\\/@sunnysteve_algarve\",\"https:\\\/\\\/www.linkedin.com\\\/in\\\/stevemarque\\\/\"]},{\"@type\":\"Person\",\"@id\":\"https:\\\/\\\/sunnysteve.com\\\/de\\\/author\\\/sunny-steve\\\/#author\",\"url\":\"https:\\\/\\\/sunnysteve.com\\\/de\\\/author\\\/sunny-steve\\\/\",\"name\":\"Steve Marqu\\u00e9\",\"image\":{\"@type\":\"ImageObject\",\"@id\":\"https:\\\/\\\/sunnysteve.com\\\/de\\\/property\\\/1560-m-nicht-bebaubares-grundstueck-in-santa-barbara-de-nexe\\\/#authorImage\",\"url\":\"https:\\\/\\\/sunnysteve.com\\\/wp-content\\\/litespeed\\\/avatar\\\/33c97456a03f6a661e8c013a6b06dff0.jpg?ver=1788366691\",\"width\":96,\"height\":96,\"caption\":\"Steve Marqu\\u00e9\"},\"sameAs\":[\"https:\\\/\\\/www.facebook.com\\\/sunnystevealgarve\",\"https:\\\/\\\/x.com\\\/sunnysteve_pt\",\"https:\\\/\\\/www.instagram.com\\\/sunnysteve_algarve\",\"https:\\\/\\\/www.tiktok.com\\\/@sunnysteve_algarve\",\"https:\\\/\\\/www.youtube.com\\\/@sunnysteve_algarve\",\"https:\\\/\\\/www.linkedin.com\\\/in\\\/stevemarque\\\/\"]},{\"@type\":\"WebPage\",\"@id\":\"https:\\\/\\\/sunnysteve.com\\\/de\\\/property\\\/1560-m-nicht-bebaubares-grundstueck-in-santa-barbara-de-nexe\\\/#webpage\",\"url\":\"https:\\\/\\\/sunnysteve.com\\\/de\\\/property\\\/1560-m-nicht-bebaubares-grundstueck-in-santa-barbara-de-nexe\\\/\",\"name\":\"1.560 m\\u00b2 nicht bebaubares Grundst\\u00fcck in Santa B\\u00e1rbara de Nexe\",\"description\":\"Entdecken Sie dieses malerische, 1.560 m\\u00b2 gro\\u00dfe nicht bebaubare Grundst\\u00fcck in der ruhigen Gegend von Santa B\\u00e1rbara de Nexe, in Faro (S\\u00e9 e S\\u00e3o Pedro), Portugal. Umgeben von gr\\u00fcner Landschaft und der charakteristischen Vegetation der Algarve, bietet dieses Grundst\\u00fcck eine hervorragende Gelegenheit f\\u00fcr alle, die einen nat\\u00fcrlichen R\\u00fcckzugsort suchen oder in ein Grundst\\u00fcck f\\u00fcr landwirtschaftliche oder freizeitliche Zwecke investieren m\\u00f6chten. Das Grundst\\u00fcck ist \\u00fcber eine gut instand gehaltene Stra\\u00dfe leicht zug\\u00e4nglich, wobei Steinmauern und \\u00fcppige B\\u00e4ume Privatsph\\u00e4re und sch\\u00f6ne Ausblicke bieten. Die ruhige Umgebung ist ideal f\\u00fcr Aktivit\\u00e4ten im Freien, Gartenarbeit oder einfach, um die ruhige Landschaft der Algarve zu genie\\u00dfen. Die Gegend ist bekannt f\\u00fcr ihre sanften H\\u00fcgel und ihren l\\u00e4ndlichen Charme, was sie zu einem reizvollen Ort f\\u00fcr Naturliebhaber macht. Obwohl auf diesem Grundst\\u00fcck nicht gebaut werden darf, ist sein Potenzial als Freizeitfl\\u00e4che oder landwirtschaftliches Vorhaben immens. Genie\\u00dfen Sie die N\\u00e4he zu den \\u00f6rtlichen Annehmlichkeiten und den lebendigen Gemeinden Santa B\\u00e1rbara de Nexe und Faro, w\\u00e4hrend Sie in eine wahrhaft authentische und ruhige Umgebung eintauchen.\",\"inLanguage\":\"de-DE\",\"isPartOf\":{\"@id\":\"https:\\\/\\\/sunnysteve.com\\\/de\\\/#website\"},\"breadcrumb\":{\"@id\":\"https:\\\/\\\/sunnysteve.com\\\/de\\\/property\\\/1560-m-nicht-bebaubares-grundstueck-in-santa-barbara-de-nexe\\\/#breadcrumblist\"},\"author\":{\"@id\":\"https:\\\/\\\/sunnysteve.com\\\/de\\\/author\\\/sunny-steve\\\/#author\"},\"creator\":{\"@id\":\"https:\\\/\\\/sunnysteve.com\\\/de\\\/author\\\/sunny-steve\\\/#author\"},\"image\":{\"@type\":\"ImageObject\",\"url\":\"https:\\\/\\\/sunnysteve.com\\\/wp-content\\\/uploads\\\/2026\\\/08\\\/6ca51cf9baef3846ef6f7096f30ef30d_da3f9dbf68_638-original.jpg\",\"@id\":\"https:\\\/\\\/sunnysteve.com\\\/de\\\/property\\\/1560-m-nicht-bebaubares-grundstueck-in-santa-barbara-de-nexe\\\/#mainImage\",\"width\":638,\"height\":560},\"primaryImageOfPage\":{\"@id\":\"https:\\\/\\\/sunnysteve.com\\\/de\\\/property\\\/1560-m-nicht-bebaubares-grundstueck-in-santa-barbara-de-nexe\\\/#mainImage\"},\"datePublished\":\"2026-08-10T15:57:00+01:00\",\"dateModified\":\"2026-08-18T19:06:52+01:00\"},{\"@type\":\"WebSite\",\"@id\":\"https:\\\/\\\/sunnysteve.com\\\/de\\\/#website\",\"url\":\"https:\\\/\\\/sunnysteve.com\\\/de\\\/\",\"name\":\"SunnySteve | eXp - Lagos Algarve Real Estate\",\"alternateName\":\"Steve Marqu\\u00e9\",\"description\":\"We help International buyers find home in the Algarve\",\"inLanguage\":\"de-DE\",\"publisher\":{\"@id\":\"https:\\\/\\\/sunnysteve.com\\\/de\\\/#organization\"}}]}\n\t\t<\/script>\n\t\t<!-- All in One SEO -->\n\n","aioseo_head_json":{"title":"1.560 m\u00b2 nicht bebaubares Grundst\u00fcck in Santa B\u00e1rbara de Nexe","description":"Entdecken Sie dieses malerische, 1.560 m\u00b2 gro\u00dfe nicht bebaubare Grundst\u00fcck in der ruhigen Gegend von Santa B\u00e1rbara de Nexe, in Faro (S\u00e9 e S\u00e3o Pedro), Portugal. Umgeben von gr\u00fcner Landschaft und der charakteristischen Vegetation der Algarve, bietet dieses Grundst\u00fcck eine hervorragende Gelegenheit f\u00fcr alle, die einen nat\u00fcrlichen R\u00fcckzugsort suchen oder in ein Grundst\u00fcck f\u00fcr landwirtschaftliche oder freizeitliche Zwecke investieren m\u00f6chten. Das Grundst\u00fcck ist \u00fcber eine gut instand gehaltene Stra\u00dfe leicht zug\u00e4nglich, wobei Steinmauern und \u00fcppige B\u00e4ume Privatsph\u00e4re und sch\u00f6ne Ausblicke bieten. Die ruhige Umgebung ist ideal f\u00fcr Aktivit\u00e4ten im Freien, Gartenarbeit oder einfach, um die ruhige Landschaft der Algarve zu genie\u00dfen. Die Gegend ist bekannt f\u00fcr ihre sanften H\u00fcgel und ihren l\u00e4ndlichen Charme, was sie zu einem reizvollen Ort f\u00fcr Naturliebhaber macht. Obwohl auf diesem Grundst\u00fcck nicht gebaut werden darf, ist sein Potenzial als Freizeitfl\u00e4che oder landwirtschaftliches Vorhaben immens. Genie\u00dfen Sie die N\u00e4he zu den \u00f6rtlichen Annehmlichkeiten und den lebendigen Gemeinden Santa B\u00e1rbara de Nexe und Faro, w\u00e4hrend Sie in eine wahrhaft authentische und ruhige Umgebung eintauchen.","canonical_url":"https:\/\/sunnysteve.com\/de\/property\/1560-m-nicht-bebaubares-grundstueck-in-santa-barbara-de-nexe\/","robots":"max-image-preview:large","keywords":"","webmasterTools":{"google-site-verification":"6Spa-o41CcNSMq81uVrBXskB-BVQKssFNgXlgComdWc","miscellaneous":""},"schema":{"@context":"https:\/\/schema.org","@graph":[{"@type":"BreadcrumbList","@id":"https:\/\/sunnysteve.com\/de\/property\/1560-m-nicht-bebaubares-grundstueck-in-santa-barbara-de-nexe\/#breadcrumblist","itemListElement":[{"@type":"ListItem","@id":"https:\/\/sunnysteve.com\/de\/#listItem","position":1,"name":"Home","item":"https:\/\/sunnysteve.com\/de\/","nextItem":{"@type":"ListItem","@id":"https:\/\/sunnysteve.com\/de\/property\/#listItem","name":"Eigenschaften"}},{"@type":"ListItem","@id":"https:\/\/sunnysteve.com\/de\/property\/#listItem","position":2,"name":"Eigenschaften","item":"https:\/\/sunnysteve.com\/de\/property\/","nextItem":{"@type":"ListItem","@id":"https:\/\/sunnysteve.com\/de\/property-type\/land-zum-bauen\/#listItem","name":"Land zum Bauen"},"previousItem":{"@type":"ListItem","@id":"https:\/\/sunnysteve.com\/de\/#listItem","name":"Home"}},{"@type":"ListItem","@id":"https:\/\/sunnysteve.com\/de\/property-type\/land-zum-bauen\/#listItem","position":3,"name":"Land zum Bauen","item":"https:\/\/sunnysteve.com\/de\/property-type\/land-zum-bauen\/","nextItem":{"@type":"ListItem","@id":"https:\/\/sunnysteve.com\/de\/property\/1560-m-nicht-bebaubares-grundstueck-in-santa-barbara-de-nexe\/#listItem","name":"1.560 m\u00b2 nicht bebaubares Grundst\u00fcck in Santa B\u00e1rbara de Nexe"},"previousItem":{"@type":"ListItem","@id":"https:\/\/sunnysteve.com\/de\/property\/#listItem","name":"Eigenschaften"}},{"@type":"ListItem","@id":"https:\/\/sunnysteve.com\/de\/property\/1560-m-nicht-bebaubares-grundstueck-in-santa-barbara-de-nexe\/#listItem","position":4,"name":"1.560 m\u00b2 nicht bebaubares Grundst\u00fcck in Santa B\u00e1rbara de Nexe","previousItem":{"@type":"ListItem","@id":"https:\/\/sunnysteve.com\/de\/property-type\/land-zum-bauen\/#listItem","name":"Land zum Bauen"}}]},{"@type":"Organization","@id":"https:\/\/sunnysteve.com\/de\/#organization","name":"SunnySteve | Lagos Algarve Real Estate","description":"Twenty years of real estate mastery, now focused on Portugal's Western Algarve. SunnySteve guides expats and international clients through buying and selling in Lagos and along the surrounding coast, in English, French, Dutch and Portuguese. Brokered by eXp Realty.","url":"https:\/\/sunnysteve.com\/de\/","email":"info@sunnysteve.com","telephone":"+351934916657","logo":{"@type":"ImageObject","url":"https:\/\/sunnysteve.com\/wp-content\/uploads\/2025\/05\/Sunny-Steve-Logo-2025-Blue.png","@id":"https:\/\/sunnysteve.com\/de\/property\/1560-m-nicht-bebaubares-grundstueck-in-santa-barbara-de-nexe\/#organizationLogo"},"image":{"@id":"https:\/\/sunnysteve.com\/de\/property\/1560-m-nicht-bebaubares-grundstueck-in-santa-barbara-de-nexe\/#organizationLogo"},"sameAs":["https:\/\/www.facebook.com\/sunnystevealgarve","https:\/\/x.com\/sunnysteve_pt","https:\/\/www.instagram.com\/sunnysteve_algarve\/","https:\/\/www.tiktok.com\/@sunnysteve_algarve","https:\/\/www.youtube.com\/@sunnysteve_algarve","https:\/\/www.linkedin.com\/in\/stevemarque\/"]},{"@type":"Person","@id":"https:\/\/sunnysteve.com\/de\/author\/sunny-steve\/#author","url":"https:\/\/sunnysteve.com\/de\/author\/sunny-steve\/","name":"Steve Marqu\u00e9","image":{"@type":"ImageObject","@id":"https:\/\/sunnysteve.com\/de\/property\/1560-m-nicht-bebaubares-grundstueck-in-santa-barbara-de-nexe\/#authorImage","url":"https:\/\/sunnysteve.com\/wp-content\/litespeed\/avatar\/33c97456a03f6a661e8c013a6b06dff0.jpg?ver=1788366691","width":96,"height":96,"caption":"Steve Marqu\u00e9"},"sameAs":["https:\/\/www.facebook.com\/sunnystevealgarve","https:\/\/x.com\/sunnysteve_pt","https:\/\/www.instagram.com\/sunnysteve_algarve","https:\/\/www.tiktok.com\/@sunnysteve_algarve","https:\/\/www.youtube.com\/@sunnysteve_algarve","https:\/\/www.linkedin.com\/in\/stevemarque\/"]},{"@type":"WebPage","@id":"https:\/\/sunnysteve.com\/de\/property\/1560-m-nicht-bebaubares-grundstueck-in-santa-barbara-de-nexe\/#webpage","url":"https:\/\/sunnysteve.com\/de\/property\/1560-m-nicht-bebaubares-grundstueck-in-santa-barbara-de-nexe\/","name":"1.560 m\u00b2 nicht bebaubares Grundst\u00fcck in Santa B\u00e1rbara de Nexe","description":"Entdecken Sie dieses malerische, 1.560 m\u00b2 gro\u00dfe nicht bebaubare Grundst\u00fcck in der ruhigen Gegend von Santa B\u00e1rbara de Nexe, in Faro (S\u00e9 e S\u00e3o Pedro), Portugal. Umgeben von gr\u00fcner Landschaft und der charakteristischen Vegetation der Algarve, bietet dieses Grundst\u00fcck eine hervorragende Gelegenheit f\u00fcr alle, die einen nat\u00fcrlichen R\u00fcckzugsort suchen oder in ein Grundst\u00fcck f\u00fcr landwirtschaftliche oder freizeitliche Zwecke investieren m\u00f6chten. Das Grundst\u00fcck ist \u00fcber eine gut instand gehaltene Stra\u00dfe leicht zug\u00e4nglich, wobei Steinmauern und \u00fcppige B\u00e4ume Privatsph\u00e4re und sch\u00f6ne Ausblicke bieten. Die ruhige Umgebung ist ideal f\u00fcr Aktivit\u00e4ten im Freien, Gartenarbeit oder einfach, um die ruhige Landschaft der Algarve zu genie\u00dfen. Die Gegend ist bekannt f\u00fcr ihre sanften H\u00fcgel und ihren l\u00e4ndlichen Charme, was sie zu einem reizvollen Ort f\u00fcr Naturliebhaber macht. Obwohl auf diesem Grundst\u00fcck nicht gebaut werden darf, ist sein Potenzial als Freizeitfl\u00e4che oder landwirtschaftliches Vorhaben immens. Genie\u00dfen Sie die N\u00e4he zu den \u00f6rtlichen Annehmlichkeiten und den lebendigen Gemeinden Santa B\u00e1rbara de Nexe und Faro, w\u00e4hrend Sie in eine wahrhaft authentische und ruhige Umgebung eintauchen.","inLanguage":"de-DE","isPartOf":{"@id":"https:\/\/sunnysteve.com\/de\/#website"},"breadcrumb":{"@id":"https:\/\/sunnysteve.com\/de\/property\/1560-m-nicht-bebaubares-grundstueck-in-santa-barbara-de-nexe\/#breadcrumblist"},"author":{"@id":"https:\/\/sunnysteve.com\/de\/author\/sunny-steve\/#author"},"creator":{"@id":"https:\/\/sunnysteve.com\/de\/author\/sunny-steve\/#author"},"image":{"@type":"ImageObject","url":"https:\/\/sunnysteve.com\/wp-content\/uploads\/2026\/08\/6ca51cf9baef3846ef6f7096f30ef30d_da3f9dbf68_638-original.jpg","@id":"https:\/\/sunnysteve.com\/de\/property\/1560-m-nicht-bebaubares-grundstueck-in-santa-barbara-de-nexe\/#mainImage","width":638,"height":560},"primaryImageOfPage":{"@id":"https:\/\/sunnysteve.com\/de\/property\/1560-m-nicht-bebaubares-grundstueck-in-santa-barbara-de-nexe\/#mainImage"},"datePublished":"2026-08-10T15:57:00+01:00","dateModified":"2026-08-18T19:06:52+01:00"},{"@type":"WebSite","@id":"https:\/\/sunnysteve.com\/de\/#website","url":"https:\/\/sunnysteve.com\/de\/","name":"SunnySteve | eXp - Lagos Algarve Real Estate","alternateName":"Steve Marqu\u00e9","description":"We help International buyers find home in the Algarve","inLanguage":"de-DE","publisher":{"@id":"https:\/\/sunnysteve.com\/de\/#organization"}}]},"og:locale":"de_DE","og:site_name":"SunnySteve | Lagos and Western Algarve Real Estate \u00bb We help International buyers find home in the Algarve","og:type":"article","og:title":"1.560 m\u00b2 nicht bebaubares Grundst\u00fcck in Santa B\u00e1rbara de Nexe","og:description":"Entdecken Sie dieses malerische, 1.560 m\u00b2 gro\u00dfe nicht bebaubare Grundst\u00fcck in der ruhigen Gegend von Santa B\u00e1rbara de Nexe, in Faro (S\u00e9 e S\u00e3o Pedro), Portugal. Umgeben von gr\u00fcner Landschaft und der charakteristischen Vegetation der Algarve, bietet dieses Grundst\u00fcck eine hervorragende Gelegenheit f\u00fcr alle, die einen nat\u00fcrlichen R\u00fcckzugsort suchen oder in ein Grundst\u00fcck f\u00fcr landwirtschaftliche oder freizeitliche Zwecke investieren m\u00f6chten. Das Grundst\u00fcck ist \u00fcber eine gut instand gehaltene Stra\u00dfe leicht zug\u00e4nglich, wobei Steinmauern und \u00fcppige B\u00e4ume Privatsph\u00e4re und sch\u00f6ne Ausblicke bieten. Die ruhige Umgebung ist ideal f\u00fcr Aktivit\u00e4ten im Freien, Gartenarbeit oder einfach, um die ruhige Landschaft der Algarve zu genie\u00dfen. Die Gegend ist bekannt f\u00fcr ihre sanften H\u00fcgel und ihren l\u00e4ndlichen Charme, was sie zu einem reizvollen Ort f\u00fcr Naturliebhaber macht. Obwohl auf diesem Grundst\u00fcck nicht gebaut werden darf, ist sein Potenzial als Freizeitfl\u00e4che oder landwirtschaftliches Vorhaben immens. Genie\u00dfen Sie die N\u00e4he zu den \u00f6rtlichen Annehmlichkeiten und den lebendigen Gemeinden Santa B\u00e1rbara de Nexe und Faro, w\u00e4hrend Sie in eine wahrhaft authentische und ruhige Umgebung eintauchen.","og:url":"https:\/\/sunnysteve.com\/de\/property\/1560-m-nicht-bebaubares-grundstueck-in-santa-barbara-de-nexe\/","og:image":"https:\/\/sunnysteve.com\/wp-content\/uploads\/2026\/08\/6ca51cf9baef3846ef6f7096f30ef30d_da3f9dbf68_638-original.jpg","og:image:secure_url":"https:\/\/sunnysteve.com\/wp-content\/uploads\/2026\/08\/6ca51cf9baef3846ef6f7096f30ef30d_da3f9dbf68_638-original.jpg","og:image:width":638,"og:image:height":560,"article:published_time":"2026-08-10T14:57:00+00:00","article:modified_time":"2026-08-18T18:06:52+00:00","article:publisher":"https:\/\/www.facebook.com\/sunnystevealgarve","article:author":"https:\/\/www.facebook.com\/sunnystevealgarve","twitter:card":"summary_large_image","twitter:site":"@sunnysteve_pt","twitter:title":"1.560 m\u00b2 nicht bebaubares Grundst\u00fcck in Santa B\u00e1rbara de Nexe","twitter:description":"Entdecken Sie dieses malerische, 1.560 m\u00b2 gro\u00dfe nicht bebaubare Grundst\u00fcck in der ruhigen Gegend von Santa B\u00e1rbara de Nexe, in Faro (S\u00e9 e S\u00e3o Pedro), Portugal. Umgeben von gr\u00fcner Landschaft und der charakteristischen Vegetation der Algarve, bietet dieses Grundst\u00fcck eine hervorragende Gelegenheit f\u00fcr alle, die einen nat\u00fcrlichen R\u00fcckzugsort suchen oder in ein Grundst\u00fcck f\u00fcr landwirtschaftliche oder freizeitliche Zwecke investieren m\u00f6chten. Das Grundst\u00fcck ist \u00fcber eine gut instand gehaltene Stra\u00dfe leicht zug\u00e4nglich, wobei Steinmauern und \u00fcppige B\u00e4ume Privatsph\u00e4re und sch\u00f6ne Ausblicke bieten. Die ruhige Umgebung ist ideal f\u00fcr Aktivit\u00e4ten im Freien, Gartenarbeit oder einfach, um die ruhige Landschaft der Algarve zu genie\u00dfen. Die Gegend ist bekannt f\u00fcr ihre sanften H\u00fcgel und ihren l\u00e4ndlichen Charme, was sie zu einem reizvollen Ort f\u00fcr Naturliebhaber macht. Obwohl auf diesem Grundst\u00fcck nicht gebaut werden darf, ist sein Potenzial als Freizeitfl\u00e4che oder landwirtschaftliches Vorhaben immens. Genie\u00dfen Sie die N\u00e4he zu den \u00f6rtlichen Annehmlichkeiten und den lebendigen Gemeinden Santa B\u00e1rbara de Nexe und Faro, w\u00e4hrend Sie in eine wahrhaft authentische und ruhige Umgebung eintauchen.","twitter:creator":"@sunnysteve_pt","twitter:image":"https:\/\/sunnysteve.com\/wp-content\/uploads\/2026\/08\/6ca51cf9baef3846ef6f7096f30ef30d_da3f9dbf68_638-original.jpg"},"aioseo_meta_data":{"post_id":"116279","title":null,"description":null,"keywords":null,"keyphrases":null,"primary_term":null,"canonical_url":null,"og_title":null,"og_description":null,"og_object_type":"default","og_image_type":"default","og_image_url":null,"og_image_width":null,"og_image_height":null,"og_image_custom_url":null,"og_image_custom_fields":null,"og_video":null,"og_custom_url":null,"og_article_section":null,"og_article_tags":null,"twitter_use_og":false,"twitter_card":"default","twitter_image_type":"default","twitter_image_url":null,"twitter_image_custom_url":null,"twitter_image_custom_fields":null,"twitter_title":null,"twitter_description":null,"schema":{"blockGraphs":[],"customGraphs":[],"default":{"data":{"Article":[],"Course":[],"Dataset":[],"FAQPage":[],"Movie":[],"Person":[],"Product":[],"ProductReview":[],"Car":[],"Recipe":[],"Service":[],"SoftwareApplication":[],"WebPage":[]},"graphName":"","isEnabled":true},"graphs":[]},"schema_type":"default","schema_type_options":null,"pillar_content":false,"robots_default":true,"robots_noindex":false,"robots_noarchive":false,"robots_nosnippet":false,"robots_nofollow":false,"robots_noimageindex":false,"robots_noodp":false,"robots_notranslate":false,"robots_max_snippet":null,"robots_max_videopreview":null,"robots_max_imagepreview":"large","priority":null,"frequency":null,"local_seo":null,"seo_analyzer_scan_date":null,"breadcrumb_settings":null,"limit_modified_date":false,"reviewed_by":null,"open_ai":null,"ai":null,"created":"2026-08-18 18:12:07","updated":"2026-08-18 18:12:07","focus_keyword":null,"additional_keywords":null,"truseo_locale":null},"aioseo_breadcrumb":"<div class=\"aioseo-breadcrumbs\"><span class=\"aioseo-breadcrumb\">\n\t\t\t<a href=\"https:\/\/sunnysteve.com\/de\/\" title=\"Home\">Home<\/a>\n\t\t<\/span><span class=\"aioseo-breadcrumb-separator\">\u00bb<\/span><span class=\"aioseo-breadcrumb\">\n\t\t\t<a href=\"https:\/\/sunnysteve.com\/de\/property\/\" title=\"Eigenschaften\">Eigenschaften<\/a>\n\t\t<\/span><span class=\"aioseo-breadcrumb-separator\">\u00bb<\/span><span class=\"aioseo-breadcrumb\">\n\t\t\t<a href=\"https:\/\/sunnysteve.com\/de\/property-type\/land-zum-bauen\/\" title=\"Land zum Bauen\">Land zum Bauen<\/a>\n\t\t<\/span><span class=\"aioseo-breadcrumb-separator\">\u00bb<\/span><span class=\"aioseo-breadcrumb\">\n\t\t\t1.560 m\u00b2 nicht bebaubares Grundst\u00fcck in Santa B\u00e1rbara de Nexe\n\t\t<\/span><\/div>","aioseo_breadcrumb_json":[{"label":"Home","link":"https:\/\/sunnysteve.com\/de\/"},{"label":"Eigenschaften","link":"https:\/\/sunnysteve.com\/de\/property\/"},{"label":"Land zum Bauen","link":"https:\/\/sunnysteve.com\/de\/property-type\/land-zum-bauen\/"},{"label":"1.560 m\u00b2 nicht bebaubares Grundst\u00fcck in Santa B\u00e1rbara de Nexe","link":"https:\/\/sunnysteve.com\/de\/property\/1560-m-nicht-bebaubares-grundstueck-in-santa-barbara-de-nexe\/"}],"property_meta":{"has_images":["1"],"copied_media_ids":["a:0:{}"],"referenced_media_ids":["a:1:{i:0;i:106172;}"],"_imported_ref_1770218728":["86947956"],"_property_import_data":["{\n    \"id\": 86947956,\n    \"reference\": 86947956,\n    \"agency\": 24148,\n    \"quality\": 80,\n    \"agency_co_id\": null,\n    \"brand\": 251,\n    \"sector\": null,\n    \"user\": {\n        \"id\": \"110906\",\n        \"agency\": \"24148\",\n        \"active\": true,\n        \"created_at\": \"2024-12-11 12:14:12\",\n        \"updated_at\": \"2026-08-06 13:07:50\",\n        \"firstname\": \"Sana\",\n        \"lastname\": \"CHAAIBI\",\n        \"language\": \"pt_PT\",\n        \"group\": \"5\",\n        \"email\": \"sana.chaaibi@expportugal.com\",\n        \"phone\": null,\n        \"mobile\": \"+351914051979\",\n        \"fax\": null,\n        \"birthday_at\": \"1981-07-18\",\n        \"timezone\": \"Europe\/Lisbon\",\n        \"picture\": \"https:\/\/media.apimo.pro\/user\/bc93222613d5625787adc064a0e760b2_a12ca93734-original.jpg\"\n    },\n    \"step\": 1,\n    \"status\": 1,\n    \"group\": 1,\n    \"parent\": null,\n    \"ranking\": null,\n    \"category\": 1,\n    \"subcategory\": null,\n    \"name\": null,\n    \"type\": 3,\n    \"subtype\": 3,\n    \"agreement\": {\n        \"type\": 3,\n        \"reference\": \"\",\n        \"start_at\": \"2026-04-28\",\n        \"end_at\": \"2027-04-30\"\n    },\n    \"block_name\": null,\n    \"lot_reference\": null,\n    \"cadastre_reference\": null,\n    \"stairs_reference\": null,\n    \"address\": \"Telheiro\",\n    \"address_more\": \"\",\n    \"publish_address\": false,\n    \"country\": \"PT\",\n    \"region\": {\n        \"id\": 5549,\n        \"name\": \"Faro\"\n    },\n    \"city\": {\n        \"id\": 450490,\n        \"name\": \"Santa Bu00e1rbara de Nexe\",\n        \"zipcode\": \"8005-997\"\n    },\n    \"original_city\": [\n        {\n            \"id\": 450493,\n            \"name\": \"Faro (Su00e9 e Su00e3o Pedro)\",\n            \"zipcode\": \"8005-491\"\n        }\n    ],\n    \"district\": {\n        \"id\": 572717,\n        \"name\": \"Santa Bu00e1rbara de Nexe\"\n    },\n    \"original_district\": null,\n    \"location\": null,\n    \"longitude\": -7.96412,\n    \"latitude\": 37.10353,\n    \"radius\": 500,\n    \"altitude\": 0,\n    \"referral\": \"9\",\n    \"subreferral\": null,\n    \"area\": {\n        \"unit\": 1,\n        \"value\": 1560,\n        \"total\": null,\n        \"weighted\": null\n    },\n    \"plot\": {\n        \"net_floor\": null,\n        \"land_type\": null,\n        \"width\": null,\n        \"height\": null,\n        \"serviced_plot\": false\n    },\n    \"rooms\": 0,\n    \"bedrooms\": 0,\n    \"sleeps\": 0,\n    \"price\": {\n        \"value\": 10000,\n        \"max\": null,\n        \"fees\": null,\n        \"unit\": null,\n        \"period\": null,\n        \"hide\": false,\n        \"inventory\": null,\n        \"deposit\": null,\n        \"currency\": \"EUR\",\n        \"commission\": 500,\n        \"transfer_tax\": null,\n        \"contribution\": null,\n        \"pension\": null,\n        \"tenant\": null,\n        \"vat\": null,\n        \"commission_owner\": 0,\n        \"commission_customer\": 500,\n        \"net_seller\": 10000,\n        \"sold\": null,\n        \"sold_at\": null,\n        \"estimation\": {\n            \"min\": null,\n            \"max\": null\n        },\n        \"negotiable\": null\n    },\n    \"rates\": [],\n    \"owner\": \"30172905\",\n    \"tenant\": null,\n    \"visit\": {\n        \"contact\": null,\n        \"key_number\": null,\n        \"comment\": \"\"\n    },\n    \"residence\": {\n        \"id\": null,\n        \"type\": null,\n        \"fees\": null,\n        \"period\": null,\n        \"lots\": null\n    },\n    \"view\": {\n        \"type\": null,\n        \"landscape\": []\n    },\n    \"construction\": {\n        \"method\": null,\n        \"construction_year\": null,\n        \"construction_step\": null,\n        \"renovation_year\": null,\n        \"renovation_cost\": null\n    },\n    \"floor\": {\n        \"type\": null,\n        \"value\": null,\n        \"levels\": null,\n        \"floors\": null\n    },\n    \"heating\": {\n        \"device\": null,\n        \"devices\": null,\n        \"access\": 2,\n        \"type\": null,\n        \"types\": null\n    },\n    \"water\": {\n        \"hot_device\": null,\n        \"hot_access\": null,\n        \"waste\": null\n    },\n    \"condition\": 3,\n    \"standing\": null,\n    \"style\": {\n        \"name\": \"\"\n    },\n    \"twinned\": null,\n    \"facades\": \"0\",\n    \"length\": null,\n    \"height\": null,\n    \"url\": \"http:\/\/www.expportugal.com?q=86947956\",\n    \"availability\": null,\n    \"available_at\": null,\n    \"delivered_at\": null,\n    \"activities\": [],\n    \"orientations\": [],\n    \"services\": [],\n    \"proximities\": [\n        25\n    ],\n    \"tags\": [],\n    \"tags_customized\": [\n        {\n            \"id\": \"25479\",\n            \"group\": \"\",\n            \"label\": \"Algarve\",\n            \"data\": null,\n            \"value\": \"Algarve\"\n        }\n    ],\n    \"pictures\": [\n        {\n            \"id\": 167710041,\n            \"type_id\": 1,\n            \"rank\": 1,\n            \"url\": \"https:\/\/media.apimo.pro\/cache\/6ca51cf9baef3846ef6f7096f30ef30d_da3f9dbf68_638-original.jpg\",\n            \"width_max\": 638,\n            \"height_max\": 560,\n            \"internet\": \"1\",\n            \"print\": \"1\",\n            \"panorama\": false,\n            \"child\": \"1\",\n            \"reference\": null,\n            \"comments\": []\n        },\n        {\n            \"id\": 167457548,\n            \"type_id\": 1,\n            \"rank\": 2,\n            \"url\": \"https:\/\/media.apimo.pro\/cache\/b268eb5695fee8fd1d1e5f68a330bd52_8f4aa24674_1600-original.jpg\",\n            \"width_max\": 1600,\n            \"height_max\": 900,\n            \"internet\": \"1\",\n            \"print\": \"1\",\n            \"panorama\": false,\n            \"child\": \"1\",\n            \"reference\": null,\n            \"comments\": []\n        },\n        {\n            \"id\": 167457553,\n            \"type_id\": 1,\n            \"rank\": 3,\n            \"url\": \"https:\/\/media.apimo.pro\/cache\/4ca6c5dbdf1a67860ca005faa683973d_bc33dd93b5_1600-original.jpg\",\n            \"width_max\": 1600,\n            \"height_max\": 900,\n            \"internet\": \"1\",\n            \"print\": \"1\",\n            \"panorama\": false,\n            \"child\": \"1\",\n            \"reference\": null,\n            \"comments\": []\n        },\n        {\n            \"id\": 167457543,\n            \"type_id\": 1,\n            \"rank\": 4,\n            \"url\": \"https:\/\/media.apimo.pro\/cache\/0be79afeb684a8cb892f637660b5be9f_1d7836a074_1600-original.jpg\",\n            \"width_max\": 1600,\n            \"height_max\": 900,\n            \"internet\": \"1\",\n            \"print\": \"1\",\n            \"panorama\": false,\n            \"child\": \"1\",\n            \"reference\": null,\n            \"comments\": []\n        },\n        {\n            \"id\": 167457556,\n            \"type_id\": 1,\n            \"rank\": 5,\n            \"url\": \"https:\/\/media.apimo.pro\/cache\/d1912ec47e04efeab3ef2fff7e6532ae_04ee4ee973_1600-original.jpg\",\n            \"width_max\": 1600,\n            \"height_max\": 900,\n            \"internet\": \"1\",\n            \"print\": \"1\",\n            \"panorama\": false,\n            \"child\": \"1\",\n            \"reference\": null,\n            \"comments\": []\n        },\n        {\n            \"id\": 167457615,\n            \"type_id\": 1,\n            \"rank\": 6,\n            \"url\": \"https:\/\/media.apimo.pro\/cache\/b97df033796bd6c44a3be3718fbdaeb6_730ec11917_1716-original.jpg\",\n            \"width_max\": 1716,\n            \"height_max\": 757,\n            \"internet\": \"1\",\n            \"print\": \"1\",\n            \"panorama\": false,\n            \"child\": \"1\",\n            \"reference\": null,\n            \"comments\": []\n        },\n        {\n            \"id\": 167998406,\n            \"type_id\": 1,\n            \"rank\": 7,\n            \"url\": \"https:\/\/media.apimo.pro\/cache\/8e1c1aaccc5f2f98bf097167f6a34607_99f699b3d5_2048-original.jpg\",\n            \"width_max\": 2048,\n            \"height_max\": 2048,\n            \"internet\": \"1\",\n            \"print\": \"1\",\n            \"panorama\": false,\n            \"child\": \"1\",\n            \"reference\": null,\n            \"comments\": []\n        }\n    ],\n    \"medias\": [],\n    \"documents\": [\n        {\n            \"id\": \"8975423\",\n            \"owner\": 86947956,\n            \"name\": \"Cadastral Telheiro 173G.pdf\",\n            \"url\": \"https:\/\/api.apimo.pro\/document\/8975423?secret=6e188c70c2\",\n            \"download_url\": \"https:\/\/api.apimo.pro\/document\/8975423?secret=6e188c70c2&force-download=1\",\n            \"filesize\": \"370\",\n            \"type_id\": null,\n            \"internet\": \"0\",\n            \"child\": \"1\",\n            \"created_at\": \"2026-04-24 17:50:49\",\n            \"updated_at\": \"2026-04-24 17:50:50\",\n            \"extranet\": \"0\",\n            \"private\": \"1\"\n        },\n        {\n            \"id\": \"8975424\",\n            \"owner\": 86947956,\n            \"name\": \"Descriu00e7u00e3o 5791 Santa Bu00e1rbara de Nexe.pdf\",\n            \"url\": \"https:\/\/api.apimo.pro\/document\/8975424?secret=321f649e29\",\n            \"download_url\": \"https:\/\/api.apimo.pro\/document\/8975424?secret=321f649e29&force-download=1\",\n            \"filesize\": \"6\",\n            \"type_id\": null,\n            \"internet\": \"0\",\n            \"child\": \"1\",\n            \"created_at\": \"2026-04-24 17:50:50\",\n            \"updated_at\": \"2026-04-24 17:50:51\",\n            \"extranet\": \"0\",\n            \"private\": \"1\"\n        },\n        {\n            \"id\": \"8983266\",\n            \"owner\": 86947956,\n            \"name\": \"Caderneta.pdf\",\n            \"url\": \"https:\/\/api.apimo.pro\/document\/8983266?secret=f4f6cbcc54\",\n            \"download_url\": \"https:\/\/api.apimo.pro\/document\/8983266?secret=f4f6cbcc54&force-download=1\",\n            \"filesize\": \"504\",\n            \"type_id\": null,\n            \"internet\": \"0\",\n            \"child\": \"1\",\n            \"created_at\": \"2026-04-28 13:29:58\",\n            \"updated_at\": \"2026-04-28 13:29:59\",\n            \"extranet\": \"0\",\n            \"private\": \"1\"\n        },\n        {\n            \"id\": \"8983654\",\n            \"owner\": 86947956,\n            \"name\": \"CMI-EXP - Joaquim PINTO_ Rustico G-173- Signed.pdf\",\n            \"url\": \"https:\/\/api.apimo.pro\/document\/8983654?secret=962a880b4d\",\n            \"download_url\": \"https:\/\/api.apimo.pro\/document\/8983654?secret=962a880b4d&force-download=1\",\n            \"filesize\": \"589\",\n            \"type_id\": null,\n            \"internet\": \"0\",\n            \"child\": \"1\",\n            \"created_at\": \"2026-04-28 14:51:45\",\n            \"updated_at\": \"2026-04-28 14:51:47\",\n            \"extranet\": \"0\",\n            \"private\": \"1\"\n        }\n    ],\n    \"comments\": [\n        {\n            \"language\": \"en\",\n            \"title\": \"1560 mu00b2 Non-Constructible Land in Santa Bu00e1rbara de Nexe\",\n            \"subtitle\": null,\n            \"hook\": null,\n            \"comment\": \"Discover this picturesque 1560 mu00b2 plot of non-constructible land located in the tranquil area of Santa Bu00e1rbara de Nexe, in Faro (Su00e9 e Su00e3o Pedro), Portugal. Surrounded by verdant landscapes and characteristic Algarve vegetation, this property offers a superb opportunity for those seeking a natural retreat or wishing to invest in land for agricultural or recreational purposes.rnrnThe plot is easily accessible via a well-maintained road, with stone walls and lush trees providing privacy and scenic views. Its peaceful setting is ideal for outdoor activities, gardening, or simply enjoying the serene Algarvian countryside. The area is known for its gentle rolling hills and rural charm, making it a delightful location for nature lovers.rnrnThough construction is not permitted on this land, its potential as a leisure space or agricultural venture is immense. Enjoy proximity to local amenities and the vibrant communities of Santa Bu00e1rbara de Nexe and Faro, all while being immersed in a truly authentic and serene environment.\",\n            \"comment_full\": null\n        },\n        {\n            \"language\": \"pt\",\n            \"title\": \"Terreno ru00fastico u00e0 venda u2013 Santa Bu00e1rbara de Nexe (Faro)\",\n            \"subtitle\": null,\n            \"hook\": null,\n            \"comment\": \"Vende-se terreno ru00fastico com 1.577 mu00b2, situado numa zona tranquila e rural de Santa Bu00e1rbara de Nexe, com cultura de alfarrobeiras e oliveiras.rnLocalizado numa u00e1rea valorizada, pru00f3ximo de moradias e com bons acessos nas imediau00e7u00f5es. Ideal para uso agru00edcola, lazer ou investimento a longo prazo.rnNota: o terreno nu00e3o dispu00f5e atualmente de acesso direto registado.rnExcelente oportunidade para proprietu00e1rios de terrenos vizinhos ou investidores interessados em terreno ru00fastico na regiu00e3o do Algarve.rnu00c1rea: 1.577 mu00b2rnrnPara mais informau00e7u00f5es, entre em contacto ud83dudcde\",\n            \"comment_full\": null\n        }\n    ],\n    \"areas\": [],\n    \"regulations\": [\n        {\n            \"type\": 79,\n            \"value\": \"2\",\n            \"date\": null,\n            \"label\": \"2\",\n            \"graph\": null,\n            \"graph_i18ns\": []\n        }\n    ],\n    \"financial\": [],\n    \"exchanges\": [\n        {\n            \"provider\": \"4172\",\n            \"settings\": {\n                \"price_hide\": \"0\",\n                \"comment_hide\": \"0\",\n                \"pictures_hide\": \"0\"\n            },\n            \"comments\": [],\n            \"created_at\": \"2026-05-14 17:22:56\"\n        },\n        {\n            \"provider\": \"3304\",\n            \"settings\": {\n                \"price_hide\": \"0\",\n                \"comment_hide\": \"0\",\n                \"pictures_hide\": \"0\"\n            },\n            \"comments\": [],\n            \"created_at\": \"2026-05-14 17:22:56\"\n        },\n        {\n            \"provider\": \"2586\",\n            \"settings\": {\n                \"price_hide\": \"0\",\n                \"comment_hide\": \"0\",\n                \"pictures_hide\": \"0\"\n            },\n            \"comments\": [],\n            \"created_at\": \"2026-05-14 17:22:56\"\n        },\n        {\n            \"provider\": \"351\",\n            \"settings\": {\n                \"price_hide\": \"0\",\n                \"comment_hide\": \"0\",\n                \"pictures_hide\": \"0\"\n            },\n            \"comments\": [],\n            \"created_at\": \"2026-05-14 17:22:56\"\n        },\n        {\n            \"provider\": \"479\",\n            \"settings\": {\n                \"price_hide\": \"0\",\n                \"comment_hide\": \"0\",\n                \"pictures_hide\": \"0\"\n            },\n            \"comments\": [],\n            \"created_at\": \"2026-05-14 17:22:56\"\n        },\n        {\n            \"provider\": \"64\",\n            \"settings\": {\n                \"price_hide\": \"0\",\n                \"comment_hide\": \"0\",\n                \"pictures_hide\": \"0\"\n            },\n            \"comments\": [],\n            \"created_at\": \"2026-05-14 17:22:56\"\n        },\n        {\n            \"provider\": \"465\",\n            \"settings\": {\n                \"price_hide\": \"0\",\n                \"comment_hide\": \"0\",\n                \"pictures_hide\": \"0\"\n            },\n            \"comments\": [],\n            \"created_at\": \"2026-05-14 17:22:56\"\n        },\n        {\n            \"provider\": \"444\",\n            \"settings\": {\n                \"price_hide\": \"0\",\n                \"comment_hide\": \"0\",\n                \"pictures_hide\": \"0\"\n            },\n            \"comments\": [],\n            \"created_at\": \"2026-05-14 17:22:56\"\n        },\n        {\n            \"provider\": \"551\",\n            \"settings\": {\n                \"price_hide\": \"0\",\n                \"comment_hide\": \"0\",\n                \"pictures_hide\": \"0\"\n            },\n            \"comments\": [],\n            \"created_at\": \"2026-07-27 15:47:13\"\n        }\n    ],\n    \"options\": [],\n    \"filling_rate\": \"80\",\n    \"private_comment\": \"\",\n    \"interagency_comment\": \"\",\n    \"status_comment\": null,\n    \"logs\": [],\n    \"referrals\": [],\n    \"created_at\": \"2026-04-24 17:45:52\",\n    \"created_by\": \"110906\",\n    \"updated_at\": \"2026-07-27 15:47:13\",\n    \"updated_by\": \"109765\",\n    \"private_longitude\": -7.92616,\n    \"private_latitude\": 37.11623\n}"],"fave_property_price_prefix":[""],"fave_property_price":["10000"],"fave_property_price_postfix":[""],"fave_property_bedrooms":["0"],"fave_property_bathrooms":[""],"fave_property_rooms":[""],"fave_property_garage":[""],"fave_property_id":["86947956"],"fave_property_size":["1560"],"fave_property_size_prefix":["m\u00b2"],"fave_property_land":[""],"fave_property_land_postfix":[""],"fave_property_year":[""],"fave_property_map":["1"],"fave_property_map_address":["Santa B\u00e1rbara de Nexe, 8005-997"],"houzez_geolocation_lat":["37.10353"],"houzez_geolocation_long":["-7.96412"],"fave_property_location":["37.10353,-7.96412,14"],"fave_property_country":["PT"],"fave_property_address":[""],"fave_property_zip":["8005-997"],"fave_featured":["0"],"houzez_featured_listing_date":[""],"fave_agent_display_option":["agent_info"],"fave_agents":["150"],"fave_energy_class":["2"],"fave_epc_current_rating":[""],"fave_epc_potential_rating":[""],"images_stored_as_urls":[""],"fave_video_url":[""],"fave_virtual_tour":[""],"fave_loggedintoview":["0"],"fave_single_content_area":["global"],"fave_single_top_area":["global"],"fave_prop_homeslider":["no"],"_property_import_data_time":["1787022152"],"_thumbnail_id":["116602"],"fave_property_images":["106172","106173","106174","106175","106176","106177","106178"],"houzez_total_property_views":["119"],"houzez_views_by_date":["a:25:{s:10:\"08-11-2026\";i:4;s:10:\"08-12-2026\";i:5;s:10:\"08-13-2026\";i:6;s:10:\"08-14-2026\";i:3;s:10:\"08-15-2026\";i:5;s:10:\"08-16-2026\";i:3;s:10:\"08-17-2026\";i:9;s:10:\"08-18-2026\";i:4;s:10:\"08-19-2026\";i:6;s:10:\"08-20-2026\";i:11;s:10:\"08-21-2026\";i:4;s:10:\"08-22-2026\";i:5;s:10:\"08-23-2026\";i:5;s:10:\"08-24-2026\";i:3;s:10:\"08-25-2026\";i:3;s:10:\"08-26-2026\";i:4;s:10:\"08-27-2026\";i:3;s:10:\"08-28-2026\";i:6;s:10:\"08-29-2026\";i:2;s:10:\"08-30-2026\";i:7;s:10:\"08-31-2026\";i:3;s:10:\"09-01-2026\";i:8;s:10:\"09-02-2026\";i:3;s:10:\"09-03-2026\";i:3;s:10:\"09-04-2026\";i:4;}"],"houzez_recently_viewed":["2026-09-04 09:38:18"],"_ss_xlate_src_hash":["ff82058c1b5d4e0eeec4eb70be628414"],"_wpml_word_count":["432"],"_elementor_global_class_usage_indexed":["1"],"_elementor_page_assets":["a:0:{}"]},"_links":{"self":[{"href":"https:\/\/sunnysteve.com\/de\/wp-json\/wp\/v2\/properties\/116279","targetHints":{"allow":["GET"]}}],"collection":[{"href":"https:\/\/sunnysteve.com\/de\/wp-json\/wp\/v2\/properties"}],"about":[{"href":"https:\/\/sunnysteve.com\/de\/wp-json\/wp\/v2\/types\/property"}],"author":[{"embeddable":true,"href":"https:\/\/sunnysteve.com\/de\/wp-json\/wp\/v2\/users\/6"}],"version-history":[{"count":0,"href":"https:\/\/sunnysteve.com\/de\/wp-json\/wp\/v2\/properties\/116279\/revisions"}],"wp:featuredmedia":[{"embeddable":true,"href":"https:\/\/sunnysteve.com\/de\/wp-json\/wp\/v2\/media\/116602"}],"wp:attachment":[{"href":"https:\/\/sunnysteve.com\/de\/wp-json\/wp\/v2\/media?parent=116279"}],"wp:term":[{"taxonomy":"property_type","embeddable":true,"href":"https:\/\/sunnysteve.com\/de\/wp-json\/wp\/v2\/property_type?post=116279"},{"taxonomy":"property_status","embeddable":true,"href":"https:\/\/sunnysteve.com\/de\/wp-json\/wp\/v2\/property_status?post=116279"},{"taxonomy":"property_feature","embeddable":true,"href":"https:\/\/sunnysteve.com\/de\/wp-json\/wp\/v2\/property_feature?post=116279"},{"taxonomy":"property_label","embeddable":true,"href":"https:\/\/sunnysteve.com\/de\/wp-json\/wp\/v2\/property_label?post=116279"},{"taxonomy":"property_state","embeddable":true,"href":"https:\/\/sunnysteve.com\/de\/wp-json\/wp\/v2\/property_state?post=116279"},{"taxonomy":"property_city","embeddable":true,"href":"https:\/\/sunnysteve.com\/de\/wp-json\/wp\/v2\/property_city?post=116279"},{"taxonomy":"property_area","embeddable":true,"href":"https:\/\/sunnysteve.com\/de\/wp-json\/wp\/v2\/property_area?post=116279"}],"curies":[{"name":"wp","href":"https:\/\/api.w.org\/{rel}","templated":true}]}}